{"id":2016,"date":"2025-10-30T14:20:32","date_gmt":"2025-10-30T18:20:32","guid":{"rendered":"https:\/\/wp.well-e.org\/publication\/je-suis-ton-amie-identification-des-traits-de-personnalite-chez-les-vaches-laitieres-pour-un-regroupement-optimise-comme-forme-denrichissement-social\/"},"modified":"2026-04-28T22:45:55","modified_gmt":"2026-04-29T02:45:55","slug":"je-suis-ton-amie-identification-des-traits-de-personnalite-chez-les-vaches-laitieres-pour-un-regroupement-optimise-comme-forme-denrichissement-social","status":"publish","type":"publication","link":"https:\/\/wp.well-e.org\/en\/publication\/je-suis-ton-amie-identification-des-traits-de-personnalite-chez-les-vaches-laitieres-pour-un-regroupement-optimise-comme-forme-denrichissement-social\/","title":{"rendered":"Je suis ton amie : Identification des traits de personnalit\u00e9 chez les vaches laiti\u00e8res pour un regroupement optimis\u00e9 comme forme d\u2019enrichissement social"},"content":{"rendered":"<p><strong>Authors:<\/strong> Aimee Xu and Marjorie Cellier and Nad\u00e8ge Aigueperse and Elsa Vasseur<\/p>\n<p><strong>Date:<\/strong> 2024-10-01<\/p>\n<p><strong>Status:<\/strong> Published<\/p>\n<p><a href=\"https:\/\/www.youtube.com\/watch?v=K5nIlA2I-Kc\" target=\"_blank\" rel=\"noopener\">View External Publication<\/a><\/p>\n<hr>\n<p>Dans de nombreuses fermes laiti\u00e8res canadiennes, les vaches sont regroup\u00e9es par \u00e2ge ou race, des crit\u00e8res pratiques, mais qui ne garantissent pas toujours l\u2019harmonie. Tout comme les humains, ces crit\u00e8res ne garantissent pas une bonne entente entre les vaches. Notre projet explore le regroupement des vaches selon leur personnalit\u00e9 pour am\u00e9liorer leurs liens sociaux et r\u00e9duire les conflits. La personnalit\u00e9, d\u00e9finie comme des diff\u00e9rences comportementales stables au fil du temps et dans diff\u00e9rents contextes joue un r\u00f4le cl\u00e9 : des \u00e9tudes montrent que les vaches aux personnalit\u00e9s similaires s\u2019entendent mieux, r\u00e9duisant le stress et am\u00e9liorant leur bien-\u00eatre. Notre objectif est donc double : 1) valider les tests comportementaux appliqu\u00e9s aux vaches log\u00e9es dans les stabulations entrav\u00e9es pour mesurer la personnalit\u00e9; 2) d\u00e9terminer des profils de personnalit\u00e9 afin de mieux comprendre les dynamiques sociales au sein du troupeau. Plusieurs tests comportementaux dont le Test d&#039;Approche Humaine (HAT) et le Test de Soudainet\u00e9 (SUD) ont \u00e9t\u00e9 r\u00e9alis\u00e9s \u00e0 trois p\u00e9riodes diff\u00e9rentes, sur environ 70 vaches par p\u00e9riode (HAT : n=44, SUD : n=48). Nous avons observ\u00e9 la coh\u00e9rence des comportements des vaches \u00e0 travers le temps et entre les tests. Nos r\u00e9sultats montrent une forte corr\u00e9lation entre le HAT et le SUD sur les trois p\u00e9riodes, indiquant une r\u00e9ponse comportementale stable dans divers contextes. Cela apporte une information importante sur la validit\u00e9 des tests pour mesurer la personnalit\u00e9 chez les vaches laiti\u00e8res, en renfor\u00e7ant l\u2019id\u00e9e que ces deux tests mesurent un aspect partag\u00e9 de la personnalit\u00e9. Cependant, la r\u00e9activit\u00e9 aux stimuli soudains (SUD) semble plus stable que celle aux interactions humaines (HAT) du fait que ce dernier test mesure aussi l\u2019affinit\u00e9 \u00e0 l\u2019humain qui peut \u00eatre modifi\u00e9e par l\u2019exp\u00e9rience. Ces r\u00e9sultats sont un premier pas permettant de confirmer les tests classiquement utilis\u00e9s pour mesurer la personnalit\u00e9 des animaux, en particulier la r\u00e9activit\u00e9 g\u00e9n\u00e9rale. L\u2019impl\u00e9mentation et la validation d\u2019autres tests compl\u00e9mentaires portant sur des traits de personnalit\u00e9 comme l\u2019agressivit\u00e9 ou la curiosit\u00e9 sont n\u00e9cessaires pour obtenir des profils plus complets. Cela permettra d\u2019optimiser le regroupement des vaches, am\u00e9liorant ainsi leur bien-\u00eatre et pourrait avoir un impact sur leur sant\u00e9 et productivit\u00e9, tout en r\u00e9pondant aux attentes soci\u00e9tales pour des pratiques agricoles plus durables.<\/p>","protected":false},"template":"","meta":{"_acf_changed":false,"_crdt_document":""},"class_list":["post-2016","publication","type-publication","status-publish","hentry"],"blocksy_meta":[],"acf":[],"yoast_head":"<!-- This site is optimized with the Yoast SEO plugin v27.4 - https:\/\/yoast.com\/product\/yoast-seo-wordpress\/ -->\n<title>Je suis ton amie : Identification des traits de personnalit\u00e9 chez les vaches laiti\u00e8res pour un regroupement optimis\u00e9 comme forme d\u2019enrichissement social - WELL-E<\/title>\n<meta name=\"robots\" content=\"index, follow, max-snippet:-1, max-image-preview:large, max-video-preview:-1\" \/>\n<link rel=\"canonical\" href=\"https:\/\/wp.well-e.org\/en\/publication\/je-suis-ton-amie-identification-des-traits-de-personnalite-chez-les-vaches-laitieres-pour-un-regroupement-optimise-comme-forme-denrichissement-social\/\" \/>\n<meta property=\"og:locale\" content=\"en_US\" \/>\n<meta property=\"og:type\" content=\"article\" \/>\n<meta property=\"og:title\" content=\"Je suis ton amie : Identification des traits de personnalit\u00e9 chez les vaches laiti\u00e8res pour un regroupement optimis\u00e9 comme forme d\u2019enrichissement social - WELL-E\" \/>\n<meta property=\"og:description\" content=\"Authors: Aimee Xu and Marjorie Cellier and Nad\u00e8ge Aigueperse and Elsa Vasseur Date: 2024-10-01 Status: Published View External Publication Dans de nombreuses fermes laiti\u00e8res canadiennes, les vaches sont regroup\u00e9es par \u00e2ge ou race, des crit\u00e8res pratiques, mais qui ne garantissent pas toujours l\u2019harmonie. Tout comme les humains, ces crit\u00e8res ne garantissent pas une bonne entente [&hellip;]\" \/>\n<meta property=\"og:url\" content=\"https:\/\/wp.well-e.org\/en\/publication\/je-suis-ton-amie-identification-des-traits-de-personnalite-chez-les-vaches-laitieres-pour-un-regroupement-optimise-comme-forme-denrichissement-social\/\" \/>\n<meta property=\"og:site_name\" content=\"WELL-E\" \/>\n<meta property=\"article:modified_time\" content=\"2026-04-29T02:45:55+00:00\" \/>\n<meta name=\"twitter:card\" content=\"summary_large_image\" \/>\n<meta name=\"twitter:label1\" content=\"Est. reading time\" \/>\n\t<meta name=\"twitter:data1\" content=\"2 minutes\" \/>\n<script type=\"application\/ld+json\" class=\"yoast-schema-graph\">{\"@context\":\"https:\\\/\\\/schema.org\",\"@graph\":[{\"@type\":\"WebPage\",\"@id\":\"https:\\\/\\\/wp.well-e.org\\\/publication\\\/je-suis-ton-amie-identification-des-traits-de-personnalite-chez-les-vaches-laitieres-pour-un-regroupement-optimise-comme-forme-denrichissement-social\\\/\",\"url\":\"https:\\\/\\\/wp.well-e.org\\\/publication\\\/je-suis-ton-amie-identification-des-traits-de-personnalite-chez-les-vaches-laitieres-pour-un-regroupement-optimise-comme-forme-denrichissement-social\\\/\",\"name\":\"Je suis ton amie : Identification des traits de personnalit\u00e9 chez les vaches laiti\u00e8res pour un regroupement optimis\u00e9 comme forme d\u2019enrichissement social - WELL-E\",\"isPartOf\":{\"@id\":\"https:\\\/\\\/wp.well-e.org\\\/#website\"},\"datePublished\":\"2025-10-30T18:20:32+00:00\",\"dateModified\":\"2026-04-29T02:45:55+00:00\",\"breadcrumb\":{\"@id\":\"https:\\\/\\\/wp.well-e.org\\\/publication\\\/je-suis-ton-amie-identification-des-traits-de-personnalite-chez-les-vaches-laitieres-pour-un-regroupement-optimise-comme-forme-denrichissement-social\\\/#breadcrumb\"},\"inLanguage\":\"en-CA\",\"potentialAction\":[{\"@type\":\"ReadAction\",\"target\":[\"https:\\\/\\\/wp.well-e.org\\\/publication\\\/je-suis-ton-amie-identification-des-traits-de-personnalite-chez-les-vaches-laitieres-pour-un-regroupement-optimise-comme-forme-denrichissement-social\\\/\"]}]},{\"@type\":\"BreadcrumbList\",\"@id\":\"https:\\\/\\\/wp.well-e.org\\\/publication\\\/je-suis-ton-amie-identification-des-traits-de-personnalite-chez-les-vaches-laitieres-pour-un-regroupement-optimise-comme-forme-denrichissement-social\\\/#breadcrumb\",\"itemListElement\":[{\"@type\":\"ListItem\",\"position\":1,\"name\":\"Home\",\"item\":\"https:\\\/\\\/wp.well-e.org\\\/\"},{\"@type\":\"ListItem\",\"position\":2,\"name\":\"Publications\",\"item\":\"https:\\\/\\\/wp.well-e.org\\\/publication\\\/\"},{\"@type\":\"ListItem\",\"position\":3,\"name\":\"Je suis ton amie : Identification des traits de personnalit\u00e9 chez les vaches laiti\u00e8res pour un regroupement optimis\u00e9 comme forme d\u2019enrichissement social\"}]},{\"@type\":\"WebSite\",\"@id\":\"https:\\\/\\\/wp.well-e.org\\\/#website\",\"url\":\"https:\\\/\\\/wp.well-e.org\\\/\",\"name\":\"WELL-E\",\"description\":\"IA au service du bien-&ecirc;tre animal\",\"publisher\":{\"@id\":\"https:\\\/\\\/wp.well-e.org\\\/#organization\"},\"potentialAction\":[{\"@type\":\"SearchAction\",\"target\":{\"@type\":\"EntryPoint\",\"urlTemplate\":\"https:\\\/\\\/wp.well-e.org\\\/?s={search_term_string}\"},\"query-input\":{\"@type\":\"PropertyValueSpecification\",\"valueRequired\":true,\"valueName\":\"search_term_string\"}}],\"inLanguage\":\"en-CA\"},{\"@type\":\"Organization\",\"@id\":\"https:\\\/\\\/wp.well-e.org\\\/#organization\",\"name\":\"WELL-E\",\"url\":\"https:\\\/\\\/wp.well-e.org\\\/\",\"logo\":{\"@type\":\"ImageObject\",\"inLanguage\":\"en-CA\",\"@id\":\"https:\\\/\\\/wp.well-e.org\\\/#\\\/schema\\\/logo\\\/image\\\/\",\"url\":\"https:\\\/\\\/wp.well-e.org\\\/wp-content\\\/uploads\\\/2024\\\/05\\\/LOGOTYPETAG_Left_RVB_FR-edited-1-e1718738358443.png\",\"contentUrl\":\"https:\\\/\\\/wp.well-e.org\\\/wp-content\\\/uploads\\\/2024\\\/05\\\/LOGOTYPETAG_Left_RVB_FR-edited-1-e1718738358443.png\",\"width\":1000,\"height\":250,\"caption\":\"WELL-E\"},\"image\":{\"@id\":\"https:\\\/\\\/wp.well-e.org\\\/#\\\/schema\\\/logo\\\/image\\\/\"},\"sameAs\":[\"https:\\\/\\\/www.linkedin.com\\\/company\\\/research-and-innovation-chair-in-animal-welfare-and-artificial-intelligence-well-e\"]}]}<\/script>\n<!-- \/ Yoast SEO plugin. -->","yoast_head_json":{"title":"Je suis ton amie : Identification des traits de personnalit\u00e9 chez les vaches laiti\u00e8res pour un regroupement optimis\u00e9 comme forme d\u2019enrichissement social - WELL-E","robots":{"index":"index","follow":"follow","max-snippet":"max-snippet:-1","max-image-preview":"max-image-preview:large","max-video-preview":"max-video-preview:-1"},"canonical":"https:\/\/wp.well-e.org\/en\/publication\/je-suis-ton-amie-identification-des-traits-de-personnalite-chez-les-vaches-laitieres-pour-un-regroupement-optimise-comme-forme-denrichissement-social\/","og_locale":"en_US","og_type":"article","og_title":"Je suis ton amie : Identification des traits de personnalit\u00e9 chez les vaches laiti\u00e8res pour un regroupement optimis\u00e9 comme forme d\u2019enrichissement social - WELL-E","og_description":"Authors: Aimee Xu and Marjorie Cellier and Nad\u00e8ge Aigueperse and Elsa Vasseur Date: 2024-10-01 Status: Published View External Publication Dans de nombreuses fermes laiti\u00e8res canadiennes, les vaches sont regroup\u00e9es par \u00e2ge ou race, des crit\u00e8res pratiques, mais qui ne garantissent pas toujours l\u2019harmonie. Tout comme les humains, ces crit\u00e8res ne garantissent pas une bonne entente [&hellip;]","og_url":"https:\/\/wp.well-e.org\/en\/publication\/je-suis-ton-amie-identification-des-traits-de-personnalite-chez-les-vaches-laitieres-pour-un-regroupement-optimise-comme-forme-denrichissement-social\/","og_site_name":"WELL-E","article_modified_time":"2026-04-29T02:45:55+00:00","twitter_card":"summary_large_image","twitter_misc":{"Est. reading time":"2 minutes"},"schema":{"@context":"https:\/\/schema.org","@graph":[{"@type":"WebPage","@id":"https:\/\/wp.well-e.org\/publication\/je-suis-ton-amie-identification-des-traits-de-personnalite-chez-les-vaches-laitieres-pour-un-regroupement-optimise-comme-forme-denrichissement-social\/","url":"https:\/\/wp.well-e.org\/publication\/je-suis-ton-amie-identification-des-traits-de-personnalite-chez-les-vaches-laitieres-pour-un-regroupement-optimise-comme-forme-denrichissement-social\/","name":"Je suis ton amie : Identification des traits de personnalit\u00e9 chez les vaches laiti\u00e8res pour un regroupement optimis\u00e9 comme forme d\u2019enrichissement social - WELL-E","isPartOf":{"@id":"https:\/\/wp.well-e.org\/#website"},"datePublished":"2025-10-30T18:20:32+00:00","dateModified":"2026-04-29T02:45:55+00:00","breadcrumb":{"@id":"https:\/\/wp.well-e.org\/publication\/je-suis-ton-amie-identification-des-traits-de-personnalite-chez-les-vaches-laitieres-pour-un-regroupement-optimise-comme-forme-denrichissement-social\/#breadcrumb"},"inLanguage":"en-CA","potentialAction":[{"@type":"ReadAction","target":["https:\/\/wp.well-e.org\/publication\/je-suis-ton-amie-identification-des-traits-de-personnalite-chez-les-vaches-laitieres-pour-un-regroupement-optimise-comme-forme-denrichissement-social\/"]}]},{"@type":"BreadcrumbList","@id":"https:\/\/wp.well-e.org\/publication\/je-suis-ton-amie-identification-des-traits-de-personnalite-chez-les-vaches-laitieres-pour-un-regroupement-optimise-comme-forme-denrichissement-social\/#breadcrumb","itemListElement":[{"@type":"ListItem","position":1,"name":"Home","item":"https:\/\/wp.well-e.org\/"},{"@type":"ListItem","position":2,"name":"Publications","item":"https:\/\/wp.well-e.org\/publication\/"},{"@type":"ListItem","position":3,"name":"Je suis ton amie : Identification des traits de personnalit\u00e9 chez les vaches laiti\u00e8res pour un regroupement optimis\u00e9 comme forme d\u2019enrichissement social"}]},{"@type":"WebSite","@id":"https:\/\/wp.well-e.org\/#website","url":"https:\/\/wp.well-e.org\/","name":"WELL-E","description":"IA au service du bien-&ecirc;tre animal","publisher":{"@id":"https:\/\/wp.well-e.org\/#organization"},"potentialAction":[{"@type":"SearchAction","target":{"@type":"EntryPoint","urlTemplate":"https:\/\/wp.well-e.org\/?s={search_term_string}"},"query-input":{"@type":"PropertyValueSpecification","valueRequired":true,"valueName":"search_term_string"}}],"inLanguage":"en-CA"},{"@type":"Organization","@id":"https:\/\/wp.well-e.org\/#organization","name":"WELL-E","url":"https:\/\/wp.well-e.org\/","logo":{"@type":"ImageObject","inLanguage":"en-CA","@id":"https:\/\/wp.well-e.org\/#\/schema\/logo\/image\/","url":"https:\/\/wp.well-e.org\/wp-content\/uploads\/2024\/05\/LOGOTYPETAG_Left_RVB_FR-edited-1-e1718738358443.png","contentUrl":"https:\/\/wp.well-e.org\/wp-content\/uploads\/2024\/05\/LOGOTYPETAG_Left_RVB_FR-edited-1-e1718738358443.png","width":1000,"height":250,"caption":"WELL-E"},"image":{"@id":"https:\/\/wp.well-e.org\/#\/schema\/logo\/image\/"},"sameAs":["https:\/\/www.linkedin.com\/company\/research-and-innovation-chair-in-animal-welfare-and-artificial-intelligence-well-e"]}]}},"_links":{"self":[{"href":"https:\/\/wp.well-e.org\/en\/wp-json\/wp\/v2\/publication\/2016","targetHints":{"allow":["GET"]}}],"collection":[{"href":"https:\/\/wp.well-e.org\/en\/wp-json\/wp\/v2\/publication"}],"about":[{"href":"https:\/\/wp.well-e.org\/en\/wp-json\/wp\/v2\/types\/publication"}],"wp:attachment":[{"href":"https:\/\/wp.well-e.org\/en\/wp-json\/wp\/v2\/media?parent=2016"}],"curies":[{"name":"wp","href":"https:\/\/api.w.org\/{rel}","templated":true}]}}