{"id":145,"date":"2024-06-18T16:47:39","date_gmt":"2024-06-18T20:47:39","guid":{"rendered":"https:\/\/wp.well-e.org\/?page_id=145"},"modified":"2025-11-18T11:48:48","modified_gmt":"2025-11-18T16:48:48","slug":"digital-media","status":"publish","type":"page","link":"https:\/\/wp.well-e.org\/fr\/digital-media\/","title":{"rendered":"Medias Digitaux"},"content":{"rendered":"\n<div class=\"wp-block-group alignfull is-layout-constrained wp-block-group-is-layout-constrained\">\n<h2 class=\"wp-block-heading underline-red blue\">M\u00e9dias digitaux<\/h2>\n\n\n\n<acf-card-691c9c7a1f6f5 class=\"acf-card acf-card--id--691c9c7a1f6f5\"><div class=\"acf-card__items\"><acf-view-691c9948568d3 class=\"acf-view acf-view--id--691c9948568d3 acf-view--object-id--2076\"><div class=\"acf-view__digital-media\"><p class=\"acf-view__digital-media-title\">    <a target=\"_self\" class=\"acf-view__digital-media-url\" href=\"https:\/\/wp.well-e.org\/digital-media\/ep5-le-diable-est-aux-vaches\/\">EP5 - Le diable est aux vaches<\/a><\/p>    <img class=\"acf-view__digital-media-image\" src=\"https:\/\/wp.well-e.org\/wp-content\/uploads\/2025\/11\/ohdio-balado-front-de-boeuf-150x150.avif\" width=\"150\" height=\"150\" alt=\"\" decoding=\"async\" loading=\"lazy\" srcset=\"https:\/\/wp.well-e.org\/wp-content\/uploads\/2025\/11\/ohdio-balado-front-de-boeuf-150x150.avif 150w, https:\/\/wp.well-e.org\/wp-content\/uploads\/2025\/11\/ohdio-balado-front-de-boeuf-300x300.avif 300w, https:\/\/wp.well-e.org\/wp-content\/uploads\/2025\/11\/ohdio-balado-front-de-boeuf-12x12.avif 12w, https:\/\/wp.well-e.org\/wp-content\/uploads\/2025\/11\/ohdio-balado-front-de-boeuf.avif 600w\" sizes=\"auto, (max-width: 150px) 100vw, 150px\"><div class=\"acf-view__digital-media-description\">Type de m\u00e9dia: Podcast\r<br\/>M\u00e9dia: OhDio Canada: Front de boeuf avec Justin Laram\u00e9e<\/div><a target=\"_self\" class=\"acf-view__digital-media-external-url\" href=\"https:\/\/ici.radio-canada.ca\/ohdio\/balados\/12846\/front-de-boeuf\">Voir m\u00e9dia<\/a><div class=\"acf-view__digital-media-contributors\">    Contributors: <a target=\"_self\" class=\"acf-view__digital-media-contributors-link\" href=\"https:\/\/wp.well-e.org\/fr\/team-members\/elsa-vasseur\/\">Elsa Vasseur<\/a><\/div><div class=\"acf-view__digital-media-date\"><p class=\"acf-view__digital-media-date\">    Date de publication: novembre 3, 2025<\/p><\/div><a target=\"_self\" class=\"acf-view__digital-media-url\" href=\"https:\/\/wp.well-e.org\/digital-media\/ep5-le-diable-est-aux-vaches\/\"><\/a><\/div><div>  <p><\/p>    <\/div><\/acf-view-691c9948568d3><acf-view-691c9948568d3 class=\"acf-view acf-view--id--691c9948568d3 acf-view--object-id--1832\"><div class=\"acf-view__digital-media\"><p class=\"acf-view__digital-media-title\">    <a target=\"_self\" class=\"acf-view__digital-media-url\" href=\"https:\/\/wp.well-e.org\/media\/marjorie-cellier-chercheuse-post-doctorale-en-bien-etre-animal-well-e\/\">Marjorie Cellier, Chercheuse post-doctorale en bien-\u00eatre animal \u2013 WELL-E<\/a><\/p>    <img class=\"acf-view__digital-media-image\" src=\"https:\/\/wp.well-e.org\/wp-content\/uploads\/2025\/05\/1744655728497-150x150.jpeg\" width=\"150\" height=\"150\" alt=\"\" decoding=\"async\" loading=\"lazy\" srcset=\"\" sizes=\"auto, \"><div class=\"acf-view__digital-media-description\">Type de m\u00e9dia: Vid\u00e9o\r<br\/>M\u00e9dia: Consulat g\u00e9n\u00e9ral de France \u00e0 Qu\u00e9bec MEAE<\/div><a target=\"_self\" class=\"acf-view__digital-media-external-url\" href=\"https:\/\/www.youtube.com\/watch?v=trXp2hMqBpQ\">Voir m\u00e9dia<\/a><div class=\"acf-view__digital-media-contributors\">    Contributors: <a target=\"_self\" class=\"acf-view__digital-media-contributors-link\" href=\"https:\/\/wp.well-e.org\/fr\/team-members\/marjorie-cellier\/\">Marjorie Cellier<\/a><\/div><div class=\"acf-view__digital-media-date\"><p class=\"acf-view__digital-media-date\">    Date de publication: avril 29, 2025<\/p><\/div><a target=\"_self\" class=\"acf-view__digital-media-url\" href=\"https:\/\/wp.well-e.org\/media\/marjorie-cellier-chercheuse-post-doctorale-en-bien-etre-animal-well-e\/\"><\/a><\/div><div>  <p><\/p>    <\/div><\/acf-view-691c9948568d3><acf-view-691c9948568d3 class=\"acf-view acf-view--id--691c9948568d3 acf-view--object-id--1804\"><div class=\"acf-view__digital-media\"><p class=\"acf-view__digital-media-title\">    <a target=\"_self\" class=\"acf-view__digital-media-url\" href=\"https:\/\/wp.well-e.org\/media\/video-la-gestion-des-aires-dexercice-et-lopportunite-de-mouvements\/\">La gestion des aires d&#039;exercice et l&#039;opportunit\u00e9 de mouvements<\/a><\/p>    <div class=\"acf-view__digital-media-description\">Type de m\u00e9dia: Vid\u00e9o\r<br\/>M\u00e9dia: Novalait, CRAAQ<\/div><a target=\"_self\" class=\"acf-view__digital-media-external-url\" href=\"https:\/\/www.youtube.com\/embed\/XfmA8GLrisM\">Voir m\u00e9dia<\/a><div class=\"acf-view__digital-media-contributors\">    Contributors: <a target=\"_self\" class=\"acf-view__digital-media-contributors-link\" href=\"https:\/\/wp.well-e.org\/fr\/team-members\/marjorie-cellier\/\">Marjorie Cellier<\/a>, <a target=\"_self\" class=\"acf-view__digital-media-contributors-link\" href=\"https:\/\/wp.well-e.org\/fr\/team-members\/veronique-boyer\/\">V\u00e9ronique Boyer<\/a><\/div><div class=\"acf-view__digital-media-date\"><p class=\"acf-view__digital-media-date\">    Date de publication: janvier 29, 2025<\/p><\/div><a target=\"_self\" class=\"acf-view__digital-media-url\" href=\"https:\/\/wp.well-e.org\/media\/video-la-gestion-des-aires-dexercice-et-lopportunite-de-mouvements\/\"><\/a><\/div><div>  <p><\/p>    <\/div><\/acf-view-691c9948568d3><acf-view-691c9948568d3 class=\"acf-view acf-view--id--691c9948568d3 acf-view--object-id--1511\"><div class=\"acf-view__digital-media\"><p class=\"acf-view__digital-media-title\">    <a target=\"_self\" class=\"acf-view__digital-media-url\" href=\"https:\/\/wp.well-e.org\/digital-media\/lanimal-et-le-maitre\/\">L&#039;animal et le maitre<\/a><\/p>    <img class=\"acf-view__digital-media-image\" src=\"https:\/\/wp.well-e.org\/wp-content\/uploads\/2025\/03\/doc-humanite-150x150.png\" width=\"150\" height=\"150\" alt=\"\" decoding=\"async\" loading=\"lazy\" srcset=\"\" sizes=\"auto, \"><div class=\"acf-view__digital-media-description\">Type the m\u00e9dia: Documentaire\r<br\/>M\u00e9dia: Radio-Canada Doc Humanitaires<\/div><a target=\"_self\" class=\"acf-view__digital-media-external-url\" href=\"https:\/\/ici.radio-canada.ca\/tele\/doc-humanite\/site\/episodes\/965203\/animal-maitre-lois-droits-elevage#:~:text=Le%20documentaire%20L&#039;animal%20et,aux%20animaux%20dans%20notre%20soci%C3%A9t%C3%A9.\">Voir m\u00e9dia<\/a><div class=\"acf-view__digital-media-contributors\">    Contributors: <a target=\"_self\" class=\"acf-view__digital-media-contributors-link\" href=\"https:\/\/wp.well-e.org\/fr\/team-members\/elsa-vasseur\/\">Elsa Vasseur<\/a><\/div><div class=\"acf-view__digital-media-date\"><p class=\"acf-view__digital-media-date\">    Date de publication: ao\u00fbt 24, 2024<\/p><\/div><a target=\"_self\" class=\"acf-view__digital-media-url\" href=\"https:\/\/wp.well-e.org\/digital-media\/lanimal-et-le-maitre\/\"><\/a><\/div><div>  <p><\/p>    <\/div><\/acf-view-691c9948568d3><acf-view-691c9948568d3 class=\"acf-view acf-view--id--691c9948568d3 acf-view--object-id--1803\"><div class=\"acf-view__digital-media\"><p class=\"acf-view__digital-media-title\">    <a target=\"_self\" class=\"acf-view__digital-media-url\" href=\"https:\/\/wp.well-e.org\/digital-media\/well-e-testimonies-temoignages-well-e\/\">WELL-E Testimonies \/ T\u00e9moignages WELL-E<\/a><\/p>    <div class=\"acf-view__digital-media-description\">Type de M\u00e9dia: Vid\u00e9o\r<br\/>M\u00e9dia: The Research and Innovation Chair in Animal Welfare and Artificial Intelligence (WELL-E), Programmaction<\/div><a target=\"_self\" class=\"acf-view__digital-media-external-url\" href=\"https:\/\/www.youtube.com\/embed\/Q6h4F8lgX2Q\">Voir m\u00e9dia<\/a><div class=\"acf-view__digital-media-contributors\">    Contributors: <a target=\"_self\" class=\"acf-view__digital-media-contributors-link\" href=\"https:\/\/wp.well-e.org\/fr\/team-members\/sandrine-arsenault\/\">Sandrine Arsenault<\/a>, <a target=\"_self\" class=\"acf-view__digital-media-contributors-link\" href=\"https:\/\/wp.well-e.org\/fr\/team-members\/hayda-almeida\/\">Hayda Almeida<\/a>, <a target=\"_self\" class=\"acf-view__digital-media-contributors-link\" href=\"https:\/\/wp.well-e.org\/fr\/team-members\/marjorie-cellier\/\">Marjorie Cellier<\/a>, <a target=\"_self\" class=\"acf-view__digital-media-contributors-link\" href=\"https:\/\/wp.well-e.org\/fr\/team-members\/tania-wolfe\/\">Tania Wolfe<\/a>, <a target=\"_self\" class=\"acf-view__digital-media-contributors-link\" href=\"https:\/\/wp.well-e.org\/fr\/team-members\/amanda-boatswain-jacques\/\">Amanda Boatswain Jacques<\/a>, <a target=\"_self\" class=\"acf-view__digital-media-contributors-link\" href=\"https:\/\/wp.well-e.org\/fr\/team-members\/mamadou-maladho-barry\/\">Mamadou Maladho Barry<\/a>, <a target=\"_self\" class=\"acf-view__digital-media-contributors-link\" href=\"https:\/\/wp.well-e.org\/fr\/team-members\/rachel-van-vliet\/\">Rachel van Vliet<\/a>, <a target=\"_self\" class=\"acf-view__digital-media-contributors-link\" href=\"https:\/\/wp.well-e.org\/fr\/team-members\/karen-reynard\/\">Karen Reynard<\/a>, <a target=\"_self\" class=\"acf-view__digital-media-contributors-link\" href=\"https:\/\/wp.well-e.org\/fr\/team-members\/shabnaz-mokhtarnazif\/\">Shabnaz Mokhtarnazif<\/a><\/div><div class=\"acf-view__digital-media-date\"><p class=\"acf-view__digital-media-date\">    Date de publication: avril 29, 2024<\/p><\/div><a target=\"_self\" class=\"acf-view__digital-media-url\" href=\"https:\/\/wp.well-e.org\/digital-media\/well-e-testimonies-temoignages-well-e\/\"><\/a><\/div><div>  <p><\/p>    <\/div><\/acf-view-691c9948568d3><acf-view-691c9948568d3 class=\"acf-view acf-view--id--691c9948568d3 acf-view--object-id--1792\"><div class=\"acf-view__digital-media\"><p class=\"acf-view__digital-media-title\">    <a target=\"_self\" class=\"acf-view__digital-media-url\" href=\"https:\/\/wp.well-e.org\/digital-media\/podcast-less-annees-lumieres-lia-pour-ameliorer-le-bien-etre-des-vaches-les-details-avec-c-srivastava\/\">L&#039;IA pour am\u00e9liorer le bien-\u00eatre des vaches : Les d\u00e9tails avec C. Srivastava<\/a><\/p>    <img class=\"acf-view__digital-media-image\" src=\"https:\/\/wp.well-e.org\/wp-content\/uploads\/2025\/03\/les-annes-lumiere-emission-premiere-150x150.jpg\" width=\"150\" height=\"150\" alt=\"\" decoding=\"async\" loading=\"lazy\" srcset=\"\" sizes=\"auto, \"><div class=\"acf-view__digital-media-description\">Type de M\u00e9dia: Podcast\r<br\/>M\u00e9dia: Radio-Canada: Les ann\u00e9es lumi\u00e8res<\/div><a target=\"_self\" class=\"acf-view__digital-media-external-url\" href=\"https:\/\/ici.radio-canada.ca\/ohdio\/premiere\/emissions\/les-annees-lumiere\/episodes\/790058\/rattrapage-dimanche-14-avril-2024\/8\">Voir m\u00e9dia<\/a><div class=\"acf-view__digital-media-contributors\">    Contributors: <a target=\"_self\" class=\"acf-view__digital-media-contributors-link\" href=\"https:\/\/wp.well-e.org\/fr\/team-members\/elsa-vasseur\/\">Elsa Vasseur<\/a>, <a target=\"_self\" class=\"acf-view__digital-media-contributors-link\" href=\"https:\/\/wp.well-e.org\/fr\/team-members\/abdoulaye-banire-diallo\/\">Abdoulaye Banir\u00e9 Diallo<\/a><\/div><div class=\"acf-view__digital-media-date\"><p class=\"acf-view__digital-media-date\">    Date de publication: avril 14, 2024<\/p><\/div><a target=\"_self\" class=\"acf-view__digital-media-url\" href=\"https:\/\/wp.well-e.org\/digital-media\/podcast-less-annees-lumieres-lia-pour-ameliorer-le-bien-etre-des-vaches-les-details-avec-c-srivastava\/\"><\/a><\/div><div>  <p><\/p>    <\/div><\/acf-view-691c9948568d3><acf-view-691c9948568d3 class=\"acf-view acf-view--id--691c9948568d3 acf-view--object-id--1790\"><div class=\"acf-view__digital-media\"><p class=\"acf-view__digital-media-title\">    <a target=\"_self\" class=\"acf-view__digital-media-url\" href=\"https:\/\/wp.well-e.org\/digital-media\/rapportage-lintelligence-artificielle-en-production-laitiere-la-semaine-verte\/\">La semaine verte: L&#039;intelligence artificielle en production laiti\u00e8re<\/a><\/p>    <img class=\"acf-view__digital-media-image\" src=\"https:\/\/wp.well-e.org\/wp-content\/uploads\/2025\/03\/download-150x143.jpg\" width=\"150\" height=\"143\" alt=\"\" decoding=\"async\" loading=\"lazy\" srcset=\"\" sizes=\"auto, \"><div class=\"acf-view__digital-media-description\">Type de M\u00e9dia: Rapportage\r<br\/>M\u00e9dia: Radio-Canada: La semaine verte<\/div><a target=\"_self\" class=\"acf-view__digital-media-external-url\" href=\"https:\/\/www.youtube.com\/embed\/XgcnuIydus0\">Voir m\u00e9dia<\/a><div class=\"acf-view__digital-media-contributors\">    Contributors: <a target=\"_self\" class=\"acf-view__digital-media-contributors-link\" href=\"https:\/\/wp.well-e.org\/fr\/team-members\/elsa-vasseur\/\">Elsa Vasseur<\/a>, <a target=\"_self\" class=\"acf-view__digital-media-contributors-link\" href=\"https:\/\/wp.well-e.org\/fr\/team-members\/abdoulaye-banire-diallo\/\">Abdoulaye Banir\u00e9 Diallo<\/a>, <a target=\"_self\" class=\"acf-view__digital-media-contributors-link\" href=\"https:\/\/wp.well-e.org\/fr\/team-members\/marjorie-cellier\/\">Marjorie Cellier<\/a><\/div><div class=\"acf-view__digital-media-date\"><p class=\"acf-view__digital-media-date\">    Date de publication: avril 13, 2024<\/p><\/div><a target=\"_self\" class=\"acf-view__digital-media-url\" href=\"https:\/\/wp.well-e.org\/digital-media\/rapportage-lintelligence-artificielle-en-production-laitiere-la-semaine-verte\/\"><\/a><\/div><div>  <p><\/p>    <\/div><\/acf-view-691c9948568d3><acf-view-691c9948568d3 class=\"acf-view acf-view--id--691c9948568d3 acf-view--object-id--1793\"><div class=\"acf-view__digital-media\"><p class=\"acf-view__digital-media-title\">    <a target=\"_self\" class=\"acf-view__digital-media-url\" href=\"https:\/\/wp.well-e.org\/digital-media\/video-lintelligence-artificielle-dans-letable\/\">L\u2019intelligence artificielle dans l\u2019\u00e9table<\/a><\/p>    <div class=\"acf-view__digital-media-description\">Type de m\u00e9dia: Vid\u00e9o\r<br\/>M\u00e9dia: McGill<\/div><a target=\"_self\" class=\"acf-view__digital-media-external-url\" href=\"https:\/\/www.youtube.com\/watch?v=LW8Lo9imi_s\">Voir m\u00e9dia<\/a><div class=\"acf-view__digital-media-contributors\">    Contributors: <a target=\"_self\" class=\"acf-view__digital-media-contributors-link\" href=\"https:\/\/wp.well-e.org\/fr\/team-members\/elsa-vasseur\/\">Elsa Vasseur<\/a><\/div><div class=\"acf-view__digital-media-date\"><p class=\"acf-view__digital-media-date\">    Date de publication: avril 3, 2024<\/p><\/div><a target=\"_self\" class=\"acf-view__digital-media-url\" href=\"https:\/\/wp.well-e.org\/digital-media\/video-lintelligence-artificielle-dans-letable\/\"><\/a><\/div><div>  <p><\/p>    <\/div><\/acf-view-691c9948568d3><acf-view-691c9948568d3 class=\"acf-view acf-view--id--691c9948568d3 acf-view--object-id--1788\"><div class=\"acf-view__digital-media\"><p class=\"acf-view__digital-media-title\">    <a target=\"_self\" class=\"acf-view__digital-media-url\" href=\"https:\/\/wp.well-e.org\/digital-media\/exposition-festival-bd-de-montreal\/\">Festival BD de Montr\u00e9al: Les Chercheuses en BD Exhibition: Marjorie Cellier<\/a><\/p>    <img class=\"acf-view__digital-media-image\" src=\"https:\/\/wp.well-e.org\/wp-content\/uploads\/2025\/03\/Screenshot-2025-03-05-105742-150x150.png\" width=\"150\" height=\"150\" alt=\"\" decoding=\"async\" loading=\"lazy\" srcset=\"\" sizes=\"auto, \"><div class=\"acf-view__digital-media-description\">Type de M\u00e9dia: Exposition\r<br\/>M\u00e9dia: Festival BD de Montr\u00e9al\r<br\/>Artiste: Chlo\u00e9 Maiyou\r<br\/><\/div><a target=\"_self\" class=\"acf-view__digital-media-external-url\" href=\"https:\/\/www.fbdm-mcaf.ca\/en\/univers-bd\/babillard\/news\/les-chercheuses-en-bd-exhibition\/\">Voir m\u00e9dia<\/a><div class=\"acf-view__digital-media-contributors\">    Contributors: <a target=\"_self\" class=\"acf-view__digital-media-contributors-link\" href=\"https:\/\/wp.well-e.org\/fr\/team-members\/marjorie-cellier\/\">Marjorie Cellier<\/a><\/div><div class=\"acf-view__digital-media-date\"><p class=\"acf-view__digital-media-date\">    Date de publication: D\u00e9cembre 5, 2023<\/p><\/div><a target=\"_self\" class=\"acf-view__digital-media-url\" href=\"https:\/\/wp.well-e.org\/digital-media\/exposition-festival-bd-de-montreal\/\"><\/a><\/div><div>  <p><\/p>    <\/div><\/acf-view-691c9948568d3><acf-view-691c9948568d3 class=\"acf-view acf-view--id--691c9948568d3 acf-view--object-id--1783\"><div class=\"acf-view__digital-media\"><p class=\"acf-view__digital-media-title\">    <a target=\"_self\" class=\"acf-view__digital-media-url\" href=\"https:\/\/wp.well-e.org\/digital-media\/podcast-dfc-plc-paths-to-on-farm-excellence-2\/\">DFC | PLC : Paths to On-Farm Excellence: Mouvement et exercice pour les vaches laitieres | Lactalis Canada<\/a><\/p>    <img class=\"acf-view__digital-media-image\" src=\"https:\/\/wp.well-e.org\/wp-content\/uploads\/2024\/09\/DFC-150x150.png\" width=\"150\" height=\"150\" alt=\"\" decoding=\"async\" loading=\"lazy\" srcset=\"\" sizes=\"auto, \"><div class=\"acf-view__digital-media-description\">Type de m\u00e9dia: Podcast\r<br\/>M\u00e9dia: DFC | PLC : Paths to On-Farm Excellence, Lactalis<\/div><a target=\"_self\" class=\"acf-view__digital-media-external-url\" href=\"https:\/\/open.spotify.com\/episode\/1Kof0jAg5u5nAvLSmd6aDn\">Voir m\u00e9dia<\/a><div class=\"acf-view__digital-media-contributors\">    Contributors: <a target=\"_self\" class=\"acf-view__digital-media-contributors-link\" href=\"https:\/\/wp.well-e.org\/fr\/team-members\/elsa-vasseur\/\">Elsa Vasseur<\/a>, <a target=\"_self\" class=\"acf-view__digital-media-contributors-link\" href=\"https:\/\/wp.well-e.org\/fr\/team-members\/abdoulaye-banire-diallo\/\">Abdoulaye Banir\u00e9 Diallo<\/a><\/div><div class=\"acf-view__digital-media-date\"><p class=\"acf-view__digital-media-date\">    Date de publication: novembre 14, 2023<\/p><\/div><a target=\"_self\" class=\"acf-view__digital-media-url\" href=\"https:\/\/wp.well-e.org\/digital-media\/podcast-dfc-plc-paths-to-on-farm-excellence-2\/\"><\/a><\/div><div>  <p><\/p>    <\/div><\/acf-view-691c9948568d3><acf-view-691c9948568d3 class=\"acf-view acf-view--id--691c9948568d3 acf-view--object-id--1784\"><div class=\"acf-view__digital-media\"><p class=\"acf-view__digital-media-title\">    <a target=\"_self\" class=\"acf-view__digital-media-url\" href=\"https:\/\/wp.well-e.org\/digital-media\/podcast-dfc-plc-paths-to-on-farm-excellence-3\/\">DFC | PLC : Paths to On-Farm Excellence: Movement and Exercise for Dairy Cows | Lactalis Canada<\/a><\/p>    <img class=\"acf-view__digital-media-image\" src=\"https:\/\/wp.well-e.org\/wp-content\/uploads\/2024\/09\/DFC-150x150.png\" width=\"150\" height=\"150\" alt=\"\" decoding=\"async\" loading=\"lazy\" srcset=\"\" sizes=\"auto, \"><div class=\"acf-view__digital-media-description\">Type de m\u00e9dia: Podcast\r<br\/>M\u00e9dia: DFC | PLC : Paths to On-Farm Excellence, Lactalis<\/div><a target=\"_self\" class=\"acf-view__digital-media-external-url\" href=\"https:\/\/open.spotify.com\/episode\/5yayv5SHN66JkjiyntPN9e\">Voir m\u00e9dia<\/a><div class=\"acf-view__digital-media-contributors\">    Contributors: <a target=\"_self\" class=\"acf-view__digital-media-contributors-link\" href=\"https:\/\/wp.well-e.org\/fr\/team-members\/elsa-vasseur\/\">Elsa Vasseur<\/a>, <a target=\"_self\" class=\"acf-view__digital-media-contributors-link\" href=\"https:\/\/wp.well-e.org\/fr\/team-members\/abdoulaye-banire-diallo\/\">Abdoulaye Banir\u00e9 Diallo<\/a><\/div><div class=\"acf-view__digital-media-date\"><p class=\"acf-view__digital-media-date\">    Date de publication: novembre 14, 2023<\/p><\/div><a target=\"_self\" class=\"acf-view__digital-media-url\" href=\"https:\/\/wp.well-e.org\/digital-media\/podcast-dfc-plc-paths-to-on-farm-excellence-3\/\"><\/a><\/div><div>  <p><\/p>    <\/div><\/acf-view-691c9948568d3><acf-view-691c9948568d3 class=\"acf-view acf-view--id--691c9948568d3 acf-view--object-id--1785\"><div class=\"acf-view__digital-media\"><p class=\"acf-view__digital-media-title\">    <a target=\"_self\" class=\"acf-view__digital-media-url\" href=\"https:\/\/wp.well-e.org\/digital-media\/podcast-les-annees-lumieres\/\">L&#039;IA pour am\u00e9liorer le bien-\u00eatre des vaches: Faire entrer l&#039;intelligence artificielle dans l&#039;\u00e9table<\/a><\/p>    <img class=\"acf-view__digital-media-image\" src=\"https:\/\/wp.well-e.org\/wp-content\/uploads\/2025\/03\/les-annes-lumiere-emission-premiere-150x150.jpg\" width=\"150\" height=\"150\" alt=\"\" decoding=\"async\" loading=\"lazy\" srcset=\"\" sizes=\"auto, \"><div class=\"acf-view__digital-media-description\">Type de m\u00e9dia: Podcast\r<br\/>M\u00e9dia: Radio-Canada: Less ann\u00e9es lumi\u00e8res<\/div><a target=\"_self\" class=\"acf-view__digital-media-external-url\" href=\"https:\/\/ici.radio-canada.ca\/ohdio\/premiere\/emissions\/les-annees-lumiere\/segments\/entrevue\/441728\/vaches-etable-ferme-ia-intelligence-artificielle-bien-etre-animal-comportement\">Voir m\u00e9dia<\/a><div class=\"acf-view__digital-media-contributors\">    Contributors: <a target=\"_self\" class=\"acf-view__digital-media-contributors-link\" href=\"https:\/\/wp.well-e.org\/fr\/team-members\/elsa-vasseur\/\">Elsa Vasseur<\/a>, <a target=\"_self\" class=\"acf-view__digital-media-contributors-link\" href=\"https:\/\/wp.well-e.org\/fr\/team-members\/abdoulaye-banire-diallo\/\">Abdoulaye Banir\u00e9 Diallo<\/a><\/div><div class=\"acf-view__digital-media-date\"><p class=\"acf-view__digital-media-date\">    Date de publication: avril 28, 2023<\/p><\/div><a target=\"_self\" class=\"acf-view__digital-media-url\" href=\"https:\/\/wp.well-e.org\/digital-media\/podcast-les-annees-lumieres\/\"><\/a><\/div><div>  <p><\/p>    <\/div><\/acf-view-691c9948568d3><acf-view-691c9948568d3 class=\"acf-view acf-view--id--691c9948568d3 acf-view--object-id--1787\"><div class=\"acf-view__digital-media\"><p class=\"acf-view__digital-media-title\">    <a target=\"_self\" class=\"acf-view__digital-media-url\" href=\"https:\/\/wp.well-e.org\/digital-media\/well-e-chair-presentation-presentation-de-la-chaire-well-e\/\">Pr\u00e9sentation de la chaire WELL-E<\/a><\/p>    <div class=\"acf-view__digital-media-description\">Type de m\u00e9dia: Vid\u00e9o\r<br\/>M\u00e9dia: The Research and Innovation Chair in Animal Welfare and Artificial Intelligence (WELL-E), Programaction\r<br\/><\/div><a target=\"_self\" class=\"acf-view__digital-media-external-url\" href=\"https:\/\/www.youtube.com\/embed\/BSSPm61fasc\">Voir m\u00e9dia<\/a><div class=\"acf-view__digital-media-contributors\">    Contributors: <a target=\"_self\" class=\"acf-view__digital-media-contributors-link\" href=\"https:\/\/wp.well-e.org\/fr\/team-members\/elsa-vasseur\/\">Elsa Vasseur<\/a>, <a target=\"_self\" class=\"acf-view__digital-media-contributors-link\" href=\"https:\/\/wp.well-e.org\/fr\/team-members\/abdoulaye-banire-diallo\/\">Abdoulaye Banir\u00e9 Diallo<\/a>, <a target=\"_self\" class=\"acf-view__digital-media-contributors-link\" href=\"https:\/\/wp.well-e.org\/fr\/team-members\/marjorie-cellier\/\">Marjorie Cellier<\/a>, <a target=\"_self\" class=\"acf-view__digital-media-contributors-link\" href=\"https:\/\/wp.well-e.org\/fr\/team-members\/rachel-van-vliet\/\">Rachel van Vliet<\/a><\/div><div class=\"acf-view__digital-media-date\"><p class=\"acf-view__digital-media-date\">    Date de publication: avril 28, 2023<\/p><\/div><a target=\"_self\" class=\"acf-view__digital-media-url\" href=\"https:\/\/wp.well-e.org\/digital-media\/well-e-chair-presentation-presentation-de-la-chaire-well-e\/\"><\/a><\/div><div>  <p><\/p>    <\/div><\/acf-view-691c9948568d3><acf-view-691c9948568d3 class=\"acf-view acf-view--id--691c9948568d3 acf-view--object-id--1501\"><div class=\"acf-view__digital-media\"><p class=\"acf-view__digital-media-title\">    <a target=\"_self\" class=\"acf-view__digital-media-url\" href=\"https:\/\/wp.well-e.org\/digital-media\/podcast-dfc-plc-paths-to-on-farm-excellence\/\">DFC | PLC : Paths to On-Farm Excellence: Le bien-\u00eatre et son lien avec la rentabilit\u00e9 et la durabilit\u00e9 <\/a><\/p>    <img class=\"acf-view__digital-media-image\" src=\"https:\/\/wp.well-e.org\/wp-content\/uploads\/2024\/09\/DFC-150x150.png\" width=\"150\" height=\"150\" alt=\"\" decoding=\"async\" loading=\"lazy\" srcset=\"\" sizes=\"auto, \"><div class=\"acf-view__digital-media-description\">Type de m\u00e9dia: Podcast\r<br\/>M\u00e9dia: DFC | PLC : Paths to On-Farm Excellence<\/div><a target=\"_self\" class=\"acf-view__digital-media-external-url\" href=\"https:\/\/open.spotify.com\/episode\/7DhouT9NBzYymeRucQ4EDy?si=J3IQS0MtQ-Sh-Zzba3lNZw&amp;nd=1\">Voir m\u00e9dia<\/a><div class=\"acf-view__digital-media-contributors\">    Contributors: <a target=\"_self\" class=\"acf-view__digital-media-contributors-link\" href=\"https:\/\/wp.well-e.org\/fr\/team-members\/elsa-vasseur\/\">Elsa Vasseur<\/a>, <a target=\"_self\" class=\"acf-view__digital-media-contributors-link\" href=\"https:\/\/wp.well-e.org\/fr\/team-members\/abdoulaye-banire-diallo\/\">Abdoulaye Banir\u00e9 Diallo<\/a><\/div><div class=\"acf-view__digital-media-date\"><p class=\"acf-view__digital-media-date\">    Date de publication: novembre 4, 2022<\/p><\/div><a target=\"_self\" class=\"acf-view__digital-media-url\" href=\"https:\/\/wp.well-e.org\/digital-media\/podcast-dfc-plc-paths-to-on-farm-excellence\/\"><\/a><\/div><div>  <p><\/p>    <\/div><\/acf-view-691c9948568d3><\/div><\/acf-card-691c9c7a1f6f5>\n\n\n\n<p class=\"wp-block-paragraph\"><\/p>\n<\/div>\n\n\n\n<p class=\"wp-block-paragraph\"><\/p>\n","protected":false},"excerpt":{"rendered":"<p>M\u00e9dias digitaux<\/p>\n","protected":false},"author":1,"featured_media":0,"parent":0,"menu_order":0,"comment_status":"closed","ping_status":"closed","template":"","meta":{"_acf_changed":false,"_crdt_document":"","footnotes":""},"class_list":["post-145","page","type-page","status-publish","hentry"],"blocksy_meta":{"has_hero_section":"enabled","hero_elements":[{"id":"custom_title","enabled":false,"heading_tag":"h1","title":"Home","__id":"6VxFTjlnaDXUT2xNxTjLI"},{"id":"custom_description","enabled":false,"description_visibility":{"desktop":true,"tablet":true,"mobile":false},"__id":"eeAS5CWti_8IcT9OgsEnb"},{"id":"custom_meta","enabled":false,"meta_elements":[{"id":"author","enabled":true,"label":"By","has_author_avatar":"yes","avatar_size":25},{"id":"post_date","enabled":true,"label":"On","date_format_source":"default","date_format":"M j, Y"},{"id":"updated_date","enabled":false,"label":"On","date_format_source":"default","date_format":"M j, Y"},{"id":"categories","enabled":false,"label":"In","style":"simple"},{"id":"comments","enabled":true}],"page_meta_elements":{"joined":true,"articles_count":true,"comments":true},"__id":"B-eB_mBY0b-fRBNiOwB13"},{"id":"breadcrumbs","enabled":false,"__id":"6KQeT6kmST5XmgLCkh_5G"}],"hero_alignment1":{"desktop":"left","tablet":"left","mobile":"left"},"pageTitleFontColor":{"default":{"color":"#070707"}},"styles_descriptor":{"styles":{"desktop":"[data-prefix=\"single_page\"] .entry-header .page-title {--theme-font-size:30px;} [data-prefix=\"single_page\"] .entry-header .entry-meta {--theme-font-weight:600;--theme-text-transform:uppercase;--theme-font-size:12px;--theme-line-height:1.3;} [data-prefix=\"single_page\"] .hero-section[data-type=\"type-1\"] {--alignment:left;}","tablet":"","mobile":""},"google_fonts":{"Comfortaa":["n4","n6"]},"version":6}},"acf":[],"yoast_head":"<!-- This site is optimized with the Yoast SEO plugin v27.4 - https:\/\/yoast.com\/product\/yoast-seo-wordpress\/ -->\n<title>Medias Digitaux - WELL-E<\/title>\n<meta name=\"robots\" content=\"index, follow, max-snippet:-1, max-image-preview:large, max-video-preview:-1\" \/>\n<link rel=\"canonical\" href=\"https:\/\/wp.well-e.org\/fr\/digital-media\/\" \/>\n<meta property=\"og:locale\" content=\"fr_CA\" \/>\n<meta property=\"og:type\" content=\"article\" \/>\n<meta property=\"og:title\" content=\"Medias Digitaux - WELL-E\" \/>\n<meta property=\"og:description\" content=\"M\u00e9dias digitaux\" \/>\n<meta property=\"og:url\" content=\"https:\/\/wp.well-e.org\/fr\/digital-media\/\" \/>\n<meta property=\"og:site_name\" content=\"WELL-E\" \/>\n<meta property=\"article:modified_time\" content=\"2025-11-18T16:48:48+00:00\" \/>\n<meta name=\"twitter:card\" content=\"summary_large_image\" \/>\n<meta name=\"twitter:label1\" content=\"Est. reading time\" \/>\n\t<meta name=\"twitter:data1\" content=\"1 minute\" \/>\n<script type=\"application\/ld+json\" class=\"yoast-schema-graph\">{\"@context\":\"https:\\\/\\\/schema.org\",\"@graph\":[{\"@type\":\"WebPage\",\"@id\":\"https:\\\/\\\/wp.well-e.org\\\/digital-media\\\/\",\"url\":\"https:\\\/\\\/wp.well-e.org\\\/digital-media\\\/\",\"name\":\"Medias Digitaux - WELL-E\",\"isPartOf\":{\"@id\":\"https:\\\/\\\/wp.well-e.org\\\/#website\"},\"datePublished\":\"2024-06-18T20:47:39+00:00\",\"dateModified\":\"2025-11-18T16:48:48+00:00\",\"breadcrumb\":{\"@id\":\"https:\\\/\\\/wp.well-e.org\\\/digital-media\\\/#breadcrumb\"},\"inLanguage\":\"fr-CA\",\"potentialAction\":[{\"@type\":\"ReadAction\",\"target\":[\"https:\\\/\\\/wp.well-e.org\\\/digital-media\\\/\"]}]},{\"@type\":\"BreadcrumbList\",\"@id\":\"https:\\\/\\\/wp.well-e.org\\\/digital-media\\\/#breadcrumb\",\"itemListElement\":[{\"@type\":\"ListItem\",\"position\":1,\"name\":\"Home\",\"item\":\"https:\\\/\\\/wp.well-e.org\\\/\"},{\"@type\":\"ListItem\",\"position\":2,\"name\":\"Medias Digitaux\"}]},{\"@type\":\"WebSite\",\"@id\":\"https:\\\/\\\/wp.well-e.org\\\/#website\",\"url\":\"https:\\\/\\\/wp.well-e.org\\\/\",\"name\":\"WELL-E\",\"description\":\"IA au service du bien-&ecirc;tre animal\",\"publisher\":{\"@id\":\"https:\\\/\\\/wp.well-e.org\\\/#organization\"},\"potentialAction\":[{\"@type\":\"SearchAction\",\"target\":{\"@type\":\"EntryPoint\",\"urlTemplate\":\"https:\\\/\\\/wp.well-e.org\\\/?s={search_term_string}\"},\"query-input\":{\"@type\":\"PropertyValueSpecification\",\"valueRequired\":true,\"valueName\":\"search_term_string\"}}],\"inLanguage\":\"fr-CA\"},{\"@type\":\"Organization\",\"@id\":\"https:\\\/\\\/wp.well-e.org\\\/#organization\",\"name\":\"WELL-E\",\"url\":\"https:\\\/\\\/wp.well-e.org\\\/\",\"logo\":{\"@type\":\"ImageObject\",\"inLanguage\":\"fr-CA\",\"@id\":\"https:\\\/\\\/wp.well-e.org\\\/#\\\/schema\\\/logo\\\/image\\\/\",\"url\":\"https:\\\/\\\/wp.well-e.org\\\/wp-content\\\/uploads\\\/2024\\\/05\\\/LOGOTYPETAG_Left_RVB_FR-edited-1-e1718738358443.png\",\"contentUrl\":\"https:\\\/\\\/wp.well-e.org\\\/wp-content\\\/uploads\\\/2024\\\/05\\\/LOGOTYPETAG_Left_RVB_FR-edited-1-e1718738358443.png\",\"width\":1000,\"height\":250,\"caption\":\"WELL-E\"},\"image\":{\"@id\":\"https:\\\/\\\/wp.well-e.org\\\/#\\\/schema\\\/logo\\\/image\\\/\"},\"sameAs\":[\"https:\\\/\\\/www.linkedin.com\\\/company\\\/research-and-innovation-chair-in-animal-welfare-and-artificial-intelligence-well-e\"]}]}<\/script>\n<!-- \/ Yoast SEO plugin. -->","yoast_head_json":{"title":"Medias Digitaux - WELL-E","robots":{"index":"index","follow":"follow","max-snippet":"max-snippet:-1","max-image-preview":"max-image-preview:large","max-video-preview":"max-video-preview:-1"},"canonical":"https:\/\/wp.well-e.org\/fr\/digital-media\/","og_locale":"fr_CA","og_type":"article","og_title":"Medias Digitaux - WELL-E","og_description":"M\u00e9dias digitaux","og_url":"https:\/\/wp.well-e.org\/fr\/digital-media\/","og_site_name":"WELL-E","article_modified_time":"2025-11-18T16:48:48+00:00","twitter_card":"summary_large_image","twitter_misc":{"Est. reading time":"1 minute"},"schema":{"@context":"https:\/\/schema.org","@graph":[{"@type":"WebPage","@id":"https:\/\/wp.well-e.org\/digital-media\/","url":"https:\/\/wp.well-e.org\/digital-media\/","name":"Medias Digitaux - WELL-E","isPartOf":{"@id":"https:\/\/wp.well-e.org\/#website"},"datePublished":"2024-06-18T20:47:39+00:00","dateModified":"2025-11-18T16:48:48+00:00","breadcrumb":{"@id":"https:\/\/wp.well-e.org\/digital-media\/#breadcrumb"},"inLanguage":"fr-CA","potentialAction":[{"@type":"ReadAction","target":["https:\/\/wp.well-e.org\/digital-media\/"]}]},{"@type":"BreadcrumbList","@id":"https:\/\/wp.well-e.org\/digital-media\/#breadcrumb","itemListElement":[{"@type":"ListItem","position":1,"name":"Home","item":"https:\/\/wp.well-e.org\/"},{"@type":"ListItem","position":2,"name":"Medias Digitaux"}]},{"@type":"WebSite","@id":"https:\/\/wp.well-e.org\/#website","url":"https:\/\/wp.well-e.org\/","name":"WELL-E","description":"IA au service du bien-&ecirc;tre animal","publisher":{"@id":"https:\/\/wp.well-e.org\/#organization"},"potentialAction":[{"@type":"SearchAction","target":{"@type":"EntryPoint","urlTemplate":"https:\/\/wp.well-e.org\/?s={search_term_string}"},"query-input":{"@type":"PropertyValueSpecification","valueRequired":true,"valueName":"search_term_string"}}],"inLanguage":"fr-CA"},{"@type":"Organization","@id":"https:\/\/wp.well-e.org\/#organization","name":"WELL-E","url":"https:\/\/wp.well-e.org\/","logo":{"@type":"ImageObject","inLanguage":"fr-CA","@id":"https:\/\/wp.well-e.org\/#\/schema\/logo\/image\/","url":"https:\/\/wp.well-e.org\/wp-content\/uploads\/2024\/05\/LOGOTYPETAG_Left_RVB_FR-edited-1-e1718738358443.png","contentUrl":"https:\/\/wp.well-e.org\/wp-content\/uploads\/2024\/05\/LOGOTYPETAG_Left_RVB_FR-edited-1-e1718738358443.png","width":1000,"height":250,"caption":"WELL-E"},"image":{"@id":"https:\/\/wp.well-e.org\/#\/schema\/logo\/image\/"},"sameAs":["https:\/\/www.linkedin.com\/company\/research-and-innovation-chair-in-animal-welfare-and-artificial-intelligence-well-e"]}]}},"_links":{"self":[{"href":"https:\/\/wp.well-e.org\/fr\/wp-json\/wp\/v2\/pages\/145","targetHints":{"allow":["GET"]}}],"collection":[{"href":"https:\/\/wp.well-e.org\/fr\/wp-json\/wp\/v2\/pages"}],"about":[{"href":"https:\/\/wp.well-e.org\/fr\/wp-json\/wp\/v2\/types\/page"}],"author":[{"embeddable":true,"href":"https:\/\/wp.well-e.org\/fr\/wp-json\/wp\/v2\/users\/1"}],"replies":[{"embeddable":true,"href":"https:\/\/wp.well-e.org\/fr\/wp-json\/wp\/v2\/comments?post=145"}],"version-history":[{"count":9,"href":"https:\/\/wp.well-e.org\/fr\/wp-json\/wp\/v2\/pages\/145\/revisions"}],"predecessor-version":[{"id":2221,"href":"https:\/\/wp.well-e.org\/fr\/wp-json\/wp\/v2\/pages\/145\/revisions\/2221"}],"wp:attachment":[{"href":"https:\/\/wp.well-e.org\/fr\/wp-json\/wp\/v2\/media?parent=145"}],"curies":[{"name":"wp","href":"https:\/\/api.w.org\/{rel}","templated":true}]}}