{"id":58,"date":"2024-05-13T15:54:07","date_gmt":"2024-05-13T15:54:07","guid":{"rendered":"http:\/\/wp.well-e.org\/?page_id=58"},"modified":"2024-09-24T11:12:27","modified_gmt":"2024-09-24T15:12:27","slug":"comite-de-gestion","status":"publish","type":"page","link":"https:\/\/wp.well-e.org\/fr\/comite-de-gestion\/","title":{"rendered":"Comit\u00e9 de gestion"},"content":{"rendered":"\n<p class=\"wp-block-paragraph\"><\/p>\n\n\n\n<p class=\"wp-block-paragraph\">Ce comit\u00e9 fournit des conseils sur la gestion de la Chaire de recherche et de ses activit\u00e9s. Ses responsabilit\u00e9s principales comprennent l\u2019approbation de la planification des projets de recherche et du budget annuel, ainsi que la supervision du comit\u00e9 scientifique.<\/p>\n\n\n\t\t\n\t\t<div id=\"gs_team_area_7\" data-shortcode-id=\"7\" class=\"wrap gs_team_area gs_team_loading gs-team-circle-one gs_tm_theme_v_2 \" data-options='{\"search_through_all_fields\":\"off\",\"enable_clear_filters\":\"off\",\"reset_filters_text\":\"Reset Filters\",\"enable_multi_select\":\"off\",\"multi_select_ellipsis\":\"off\",\"next_txt\":\"Next\",\"prev_txt\":\"Prev\",\"load_per_click\":3,\"initial_items\":6}' style=\"visibility: hidden; opacity: 0;\">\n\t\n\t\t\t\n<!-- Container for Team members -->\n<div class=\"gs-containeer cbp-so-scroller\">\n\n\t\t\n\t<div class=\"gs-roow clearfix gs_team\" >\n\t\n\t\t\n\t\t\t<!-- Start single member -->\n\t\t\t<div class=\"single-member-div gs-col-lg-3 gs-col-md-4 gs-col-sm-6 gs-col-xs-12 cbp-so-section\" >\n\t\t\t\t\n\t\t\t\t<!-- Sehema & Single member wrapper -->\n\t\t\t\t<div class=\"single-member--wrapper\" itemscope itemtype=\"http:\/\/schema.org\/Person\">\n\n\t\t\t\t\t<!-- Single member thumbnail and more -->\n\t\t\t\t\t<div class=\"single-member\">\n\n\t\t\t\t\t\t<span class=\"gs-team-member--zip-codes\" style=\"display:none!important\"><\/span>\t\t\t\t\t\t\n\t\t\t\t\t\t<!-- Team Image -->\n\t\t\t\t\t\t<div class=\"gs_team_image__wrapper\">\n\t\t\t\t\t\t\t<img loading=\"lazy\" decoding=\"async\" width=\"500\" height=\"500\" src=\"https:\/\/wp.well-e.org\/wp-content\/uploads\/2024\/06\/Abdoulaye_Headshot_1-e1718742062870.jpg\" class=\"gs_team_member--image wp-post-image\" alt=\"Abdoulaye Banir\u00e9 Diallo\" itemprop=\"image\" srcset=\"https:\/\/wp.well-e.org\/wp-content\/uploads\/2024\/06\/Abdoulaye_Headshot_1-e1718742062870.jpg 500w, https:\/\/wp.well-e.org\/wp-content\/uploads\/2024\/06\/Abdoulaye_Headshot_1-e1718742062870-300x300.jpg 300w, https:\/\/wp.well-e.org\/wp-content\/uploads\/2024\/06\/Abdoulaye_Headshot_1-e1718742062870-150x150.jpg 150w, https:\/\/wp.well-e.org\/wp-content\/uploads\/2024\/06\/Abdoulaye_Headshot_1-e1718742062870-12x12.jpg 12w\" sizes=\"auto, (max-width: 500px) 100vw, 500px\" \/>\t\t\t\t\t\t\t<div class=\"gs_team_image__overlay\"><\/div>\t\t\t\t\t\t<\/div>\n\n\t\t\t\t\t\t<div class=\"gs_member_info\">\n\t\t\t\t\t\t\t\n\t\t\t\t\t\t\t<!-- Member Name -->\n\t\t\t\t\t\t\t<div class=\"gs-member-name \" itemprop=\"name\">Abdoulaye Banir\u00e9 Diallo<\/div>\t\t\t\t\t\t\t\n\t\t\t\t\t\t\t<!-- Member Designation -->\n\t\t\t\t\t\t\t<div class=\"gs-member-desig\" itemprop=\"jobTitle\">Co-titulaire de la chaire, Investigateur principal Professeur titulaire, D\u00e9partement d&rsquo;informatique, UQAM<\/div>\n\t\t\t\t\t\t\t\n\t\t\t\t\t\t\t<!-- Description -->\n\t\t\t\t\t\t\t\t\t\t\t\t\t\t\n\t\t\t\t\t\t<\/div>\n\n\t\t\t\t\t\t<!-- Social Links -->\n\t\t\t\t\t\t<div class=\"single-mem-desc-social\">\n\t\t\t\t\t\t\t\n    <ul class=\"gs-team-social\">\n\n    \n        <li>\n            <a class=\"link\" href=\"https:\/\/professeurs.uqam.ca\/professeur\/diallo.abdoulaye\/\" target=\"_blank\" itemprop=\"sameAs\"><i class=\"fas fa-link\"><\/i><\/a>        <\/li>\n\n            \n    <\/ul>\n\n    \n\t\t\t\t\t\t<\/div>\n\t\t\t\t\t\t\n\t\t\t\t\t<\/div>\n\n\t\t\t\t<\/div>\n\n\t\t\t\t<!-- Popup -->\n\t\t\t\t\n\t\t\t<\/div>\n\n\t\t\n\t\t\t<!-- Start single member -->\n\t\t\t<div class=\"single-member-div gs-col-lg-3 gs-col-md-4 gs-col-sm-6 gs-col-xs-12 cbp-so-section\" >\n\t\t\t\t\n\t\t\t\t<!-- Sehema & Single member wrapper -->\n\t\t\t\t<div class=\"single-member--wrapper\" itemscope itemtype=\"http:\/\/schema.org\/Person\">\n\n\t\t\t\t\t<!-- Single member thumbnail and more -->\n\t\t\t\t\t<div class=\"single-member\">\n\n\t\t\t\t\t\t<span class=\"gs-team-member--zip-codes\" style=\"display:none!important\"><\/span>\t\t\t\t\t\t\n\t\t\t\t\t\t<!-- Team Image -->\n\t\t\t\t\t\t<div class=\"gs_team_image__wrapper\">\n\t\t\t\t\t\t\t<img loading=\"lazy\" decoding=\"async\" width=\"1024\" height=\"683\" src=\"https:\/\/wp.well-e.org\/wp-content\/uploads\/2024\/06\/Vasseur_Elsa_AlexTranPhoto_2023-1024x683.jpg\" class=\"gs_team_member--image wp-post-image\" alt=\"Elsa Vasseur\" itemprop=\"image\" srcset=\"https:\/\/wp.well-e.org\/wp-content\/uploads\/2024\/06\/Vasseur_Elsa_AlexTranPhoto_2023-1024x683.jpg 1024w, https:\/\/wp.well-e.org\/wp-content\/uploads\/2024\/06\/Vasseur_Elsa_AlexTranPhoto_2023-1536x1025.jpg 1536w, https:\/\/wp.well-e.org\/wp-content\/uploads\/2024\/06\/Vasseur_Elsa_AlexTranPhoto_2023-2048x1367.jpg 2048w\" sizes=\"auto, (max-width: 1024px) 100vw, 1024px\" \/>\t\t\t\t\t\t\t<div class=\"gs_team_image__overlay\"><\/div>\t\t\t\t\t\t<\/div>\n\n\t\t\t\t\t\t<div class=\"gs_member_info\">\n\t\t\t\t\t\t\t\n\t\t\t\t\t\t\t<!-- Member Name -->\n\t\t\t\t\t\t\t<div class=\"gs-member-name \" itemprop=\"name\">Elsa Vasseur<\/div>\t\t\t\t\t\t\t\n\t\t\t\t\t\t\t<!-- Member Designation -->\n\t\t\t\t\t\t\t<div class=\"gs-member-desig\" itemprop=\"jobTitle\">Co-titulaire de la chaire, Investigatrice principale Professeure agr\u00e9g\u00e9e, Sciences animales, McGill<\/div>\n\t\t\t\t\t\t\t\n\t\t\t\t\t\t\t<!-- Description -->\n\t\t\t\t\t\t\t\t\t\t\t\t\t\t\n\t\t\t\t\t\t<\/div>\n\n\t\t\t\t\t\t<!-- Social Links -->\n\t\t\t\t\t\t<div class=\"single-mem-desc-social\">\n\t\t\t\t\t\t\t\n    <ul class=\"gs-team-social\">\n\n    \n        <li>\n            <a class=\"link\" href=\"https:\/\/www.mcgill.ca\/animal\/staff\/elsa-vasseur\" target=\"_blank\" itemprop=\"sameAs\"><i class=\"fas fa-link\"><\/i><\/a>        <\/li>\n\n            \n    <\/ul>\n\n    \n\t\t\t\t\t\t<\/div>\n\t\t\t\t\t\t\n\t\t\t\t\t<\/div>\n\n\t\t\t\t<\/div>\n\n\t\t\t\t<!-- Popup -->\n\t\t\t\t\n\t\t\t<\/div>\n\n\t\t\n\t\t\t\n\t\t\n\t\t<!-- Drawer Contents -->\n\t\t\n\t<\/div>\n\n\t<!-- Pagination -->\n\t\n<\/div>\n\n<!-- Panel -->\n\t\n\t\t<\/div>\n\t\t\n\t\t<style>#gs_team_area_7 .gs-team-filter-cats{text-align:center}<\/style><style>.gs-team-member a{pointer-events:none;cursor:default}<\/style>\n\n\t\t\n\t\t<div id=\"gs_team_area_8\" data-shortcode-id=\"8\" class=\"wrap gs_team_area gs_team_loading gs-team-circle-one gs_tm_theme_v_2 \" data-options='{\"search_through_all_fields\":\"off\",\"enable_clear_filters\":\"off\",\"reset_filters_text\":\"Reset Filters\",\"enable_multi_select\":\"off\",\"multi_select_ellipsis\":\"off\",\"next_txt\":\"Next\",\"prev_txt\":\"Prev\",\"load_per_click\":3,\"initial_items\":6}' style=\"visibility: hidden; opacity: 0;\">\n\t\n\t\t\t\n<!-- Container for Team members -->\n<div class=\"gs-containeer cbp-so-scroller\">\n\n\t\t\n\t<div class=\"gs-roow clearfix gs_team\" >\n\t\n\t\t\n\t\t\t<!-- Start single member -->\n\t\t\t<div class=\"single-member-div gs-col-lg-3 gs-col-md-4 gs-col-sm-6 gs-col-xs-12\" >\n\t\t\t\t\n\t\t\t\t<!-- Sehema & Single member wrapper -->\n\t\t\t\t<div class=\"single-member--wrapper\" itemscope itemtype=\"http:\/\/schema.org\/Person\">\n\n\t\t\t\t\t<!-- Single member thumbnail and more -->\n\t\t\t\t\t<div class=\"single-member\">\n\n\t\t\t\t\t\t<span class=\"gs-team-member--zip-codes\" style=\"display:none!important\"><\/span>\t\t\t\t\t\t\n\t\t\t\t\t\t<!-- Team Image -->\n\t\t\t\t\t\t<div class=\"gs_team_image__wrapper\">\n\t\t\t\t\t\t\t<img loading=\"lazy\" decoding=\"async\" width=\"1001\" height=\"1024\" src=\"https:\/\/wp.well-e.org\/wp-content\/uploads\/2024\/08\/chantal_fleury-e1726958650624-1001x1024.jpg\" class=\"gs_team_member--image wp-post-image\" alt=\"Chantal Fleury\" itemprop=\"image\" srcset=\"https:\/\/wp.well-e.org\/wp-content\/uploads\/2024\/08\/chantal_fleury-e1726958650624-1001x1024.jpg 1001w, https:\/\/wp.well-e.org\/wp-content\/uploads\/2024\/08\/chantal_fleury-e1726958650624-293x300.jpg 293w, https:\/\/wp.well-e.org\/wp-content\/uploads\/2024\/08\/chantal_fleury-e1726958650624-768x786.jpg 768w, https:\/\/wp.well-e.org\/wp-content\/uploads\/2024\/08\/chantal_fleury-e1726958650624-12x12.jpg 12w, https:\/\/wp.well-e.org\/wp-content\/uploads\/2024\/08\/chantal_fleury-e1726958650624.jpg 1410w\" sizes=\"auto, (max-width: 1001px) 100vw, 1001px\" \/>\t\t\t\t\t\t\t<div class=\"gs_team_image__overlay\"><\/div>\t\t\t\t\t\t<\/div>\n\n\t\t\t\t\t\t<div class=\"gs_member_info\">\n\t\t\t\t\t\t\t\n\t\t\t\t\t\t\t<!-- Member Name -->\n\t\t\t\t\t\t\t<div class=\"gs-member-name \" itemprop=\"name\">Chantal Fleury<\/div>\t\t\t\t\t\t\t\n\t\t\t\t\t\t\t<!-- Member Designation -->\n\t\t\t\t\t\t\t<div class=\"gs-member-desig\" itemprop=\"jobTitle\">Directrice adjointe de la recherche \u00e9conomique, Producteurs de Lait du Qu\u00e9bec (PLQ)<\/div>\n\t\t\t\t\t\t\t\n\t\t\t\t\t\t\t<!-- Description -->\n\t\t\t\t\t\t\t\t\t\t\t\t\t\t\t\n\t\t\t\t\t\t\t\t\t\t\t\t\t\t\t\t\t<div class=\"gs-member-desc\" itemprop=\"description\"><\/div>\n\t\t\t\t\t\t\t\t\n\t\t\t\t\t\t\t\t\t\t\t\t\t\t\t\t\t\t\t\t\t\t\n\t\t\t\t\t\t<\/div>\n\n\t\t\t\t\t\t<!-- Social Links -->\n\t\t\t\t\t\t<div class=\"single-mem-desc-social\">\n\t\t\t\t\t\t\t\t\t\t\t\t\t<\/div>\n\t\t\t\t\t\t\n\t\t\t\t\t<\/div>\n\n\t\t\t\t<\/div>\n\n\t\t\t\t<!-- Popup -->\n\t\t\t\t\n\t\t\t<\/div>\n\n\t\t\n\t\t\t<!-- Start single member -->\n\t\t\t<div class=\"single-member-div gs-col-lg-3 gs-col-md-4 gs-col-sm-6 gs-col-xs-12\" >\n\t\t\t\t\n\t\t\t\t<!-- Sehema & Single member wrapper -->\n\t\t\t\t<div class=\"single-member--wrapper\" itemscope itemtype=\"http:\/\/schema.org\/Person\">\n\n\t\t\t\t\t<!-- Single member thumbnail and more -->\n\t\t\t\t\t<div class=\"single-member\">\n\n\t\t\t\t\t\t<span class=\"gs-team-member--zip-codes\" style=\"display:none!important\"><\/span>\t\t\t\t\t\t\n\t\t\t\t\t\t<!-- Team Image -->\n\t\t\t\t\t\t<div class=\"gs_team_image__wrapper\">\n\t\t\t\t\t\t\t<img loading=\"lazy\" decoding=\"async\" width=\"600\" height=\"600\" src=\"https:\/\/wp.well-e.org\/wp-content\/uploads\/2024\/09\/Daniel_Levebvre.jpg\" class=\"gs_team_member--image wp-post-image\" alt=\"Daniel Lefebvre\" itemprop=\"image\" srcset=\"https:\/\/wp.well-e.org\/wp-content\/uploads\/2024\/09\/Daniel_Levebvre.jpg 600w, https:\/\/wp.well-e.org\/wp-content\/uploads\/2024\/09\/Daniel_Levebvre-300x300.jpg 300w, https:\/\/wp.well-e.org\/wp-content\/uploads\/2024\/09\/Daniel_Levebvre-150x150.jpg 150w, https:\/\/wp.well-e.org\/wp-content\/uploads\/2024\/09\/Daniel_Levebvre-12x12.jpg 12w\" sizes=\"auto, (max-width: 600px) 100vw, 600px\" \/>\t\t\t\t\t\t\t<div class=\"gs_team_image__overlay\"><\/div>\t\t\t\t\t\t<\/div>\n\n\t\t\t\t\t\t<div class=\"gs_member_info\">\n\t\t\t\t\t\t\t\n\t\t\t\t\t\t\t<!-- Member Name -->\n\t\t\t\t\t\t\t<div class=\"gs-member-name \" itemprop=\"name\">Daniel Lefebvre<\/div>\t\t\t\t\t\t\t\n\t\t\t\t\t\t\t<!-- Member Designation -->\n\t\t\t\t\t\t\t<div class=\"gs-member-desig\" itemprop=\"jobTitle\">Chef de l&rsquo;exploitation et directeur du centre d\u2019expertise, Lactanet<\/div>\n\t\t\t\t\t\t\t\n\t\t\t\t\t\t\t<!-- Description -->\n\t\t\t\t\t\t\t\t\t\t\t\t\t\t\t\n\t\t\t\t\t\t\t\t\t\t\t\t\t\t\t\t\t<div class=\"gs-member-desc\" itemprop=\"description\"><\/div>\n\t\t\t\t\t\t\t\t\n\t\t\t\t\t\t\t\t\t\t\t\t\t\t\t\t\t\t\t\t\t\t\n\t\t\t\t\t\t<\/div>\n\n\t\t\t\t\t\t<!-- Social Links -->\n\t\t\t\t\t\t<div class=\"single-mem-desc-social\">\n\t\t\t\t\t\t\t\t\t\t\t\t\t<\/div>\n\t\t\t\t\t\t\n\t\t\t\t\t<\/div>\n\n\t\t\t\t<\/div>\n\n\t\t\t\t<!-- Popup -->\n\t\t\t\t\n\t\t\t<\/div>\n\n\t\t\n\t\t\t<!-- Start single member -->\n\t\t\t<div class=\"single-member-div gs-col-lg-3 gs-col-md-4 gs-col-sm-6 gs-col-xs-12\" >\n\t\t\t\t\n\t\t\t\t<!-- Sehema & Single member wrapper -->\n\t\t\t\t<div class=\"single-member--wrapper\" itemscope itemtype=\"http:\/\/schema.org\/Person\">\n\n\t\t\t\t\t<!-- Single member thumbnail and more -->\n\t\t\t\t\t<div class=\"single-member\">\n\n\t\t\t\t\t\t<span class=\"gs-team-member--zip-codes\" style=\"display:none!important\"><\/span>\t\t\t\t\t\t\n\t\t\t\t\t\t<!-- Team Image -->\n\t\t\t\t\t\t<div class=\"gs_team_image__wrapper\">\n\t\t\t\t\t\t\t<img loading=\"lazy\" decoding=\"async\" width=\"466\" height=\"466\" src=\"https:\/\/wp.well-e.org\/wp-content\/uploads\/2024\/09\/eliseGosselin.jpg\" class=\"gs_team_member--image wp-post-image\" alt=\"Elise Gosselin\" itemprop=\"image\" srcset=\"https:\/\/wp.well-e.org\/wp-content\/uploads\/2024\/09\/eliseGosselin.jpg 466w, https:\/\/wp.well-e.org\/wp-content\/uploads\/2024\/09\/eliseGosselin-300x300.jpg 300w, https:\/\/wp.well-e.org\/wp-content\/uploads\/2024\/09\/eliseGosselin-150x150.jpg 150w, https:\/\/wp.well-e.org\/wp-content\/uploads\/2024\/09\/eliseGosselin-12x12.jpg 12w\" sizes=\"auto, (max-width: 466px) 100vw, 466px\" \/>\t\t\t\t\t\t\t<div class=\"gs_team_image__overlay\"><\/div>\t\t\t\t\t\t<\/div>\n\n\t\t\t\t\t\t<div class=\"gs_member_info\">\n\t\t\t\t\t\t\t\n\t\t\t\t\t\t\t<!-- Member Name -->\n\t\t\t\t\t\t\t<div class=\"gs-member-name \" itemprop=\"name\">Elise Gosselin<\/div>\t\t\t\t\t\t\t\n\t\t\t\t\t\t\t<!-- Member Designation -->\n\t\t\t\t\t\t\t<div class=\"gs-member-desig\" itemprop=\"jobTitle\">Directrice g\u00e9n\u00e9rale, Novalait<\/div>\n\t\t\t\t\t\t\t\n\t\t\t\t\t\t\t<!-- Description -->\n\t\t\t\t\t\t\t\t\t\t\t\t\t\t\t\n\t\t\t\t\t\t\t\t\t\t\t\t\t\t\t\t\t<div class=\"gs-member-desc\" itemprop=\"description\"><\/div>\n\t\t\t\t\t\t\t\t\n\t\t\t\t\t\t\t\t\t\t\t\t\t\t\t\t\t\t\t\t\t\t\n\t\t\t\t\t\t<\/div>\n\n\t\t\t\t\t\t<!-- Social Links -->\n\t\t\t\t\t\t<div class=\"single-mem-desc-social\">\n\t\t\t\t\t\t\t\t\t\t\t\t\t<\/div>\n\t\t\t\t\t\t\n\t\t\t\t\t<\/div>\n\n\t\t\t\t<\/div>\n\n\t\t\t\t<!-- Popup -->\n\t\t\t\t\n\t\t\t<\/div>\n\n\t\t\n\t\t\t<!-- Start single member -->\n\t\t\t<div class=\"single-member-div gs-col-lg-3 gs-col-md-4 gs-col-sm-6 gs-col-xs-12\" >\n\t\t\t\t\n\t\t\t\t<!-- Sehema & Single member wrapper -->\n\t\t\t\t<div class=\"single-member--wrapper\" itemscope itemtype=\"http:\/\/schema.org\/Person\">\n\n\t\t\t\t\t<!-- Single member thumbnail and more -->\n\t\t\t\t\t<div class=\"single-member\">\n\n\t\t\t\t\t\t<span class=\"gs-team-member--zip-codes\" style=\"display:none!important\"><\/span>\t\t\t\t\t\t\n\t\t\t\t\t\t<!-- Team Image -->\n\t\t\t\t\t\t<div class=\"gs_team_image__wrapper\">\n\t\t\t\t\t\t\t<img loading=\"lazy\" decoding=\"async\" width=\"449\" height=\"449\" src=\"https:\/\/wp.well-e.org\/wp-content\/uploads\/2024\/09\/emie-desilets.jpg\" class=\"gs_team_member--image wp-post-image\" alt=\"\u00c9mie D\u00e9silets\" itemprop=\"image\" srcset=\"https:\/\/wp.well-e.org\/wp-content\/uploads\/2024\/09\/emie-desilets.jpg 449w, https:\/\/wp.well-e.org\/wp-content\/uploads\/2024\/09\/emie-desilets-300x300.jpg 300w, https:\/\/wp.well-e.org\/wp-content\/uploads\/2024\/09\/emie-desilets-150x150.jpg 150w, https:\/\/wp.well-e.org\/wp-content\/uploads\/2024\/09\/emie-desilets-12x12.jpg 12w\" sizes=\"auto, (max-width: 449px) 100vw, 449px\" \/>\t\t\t\t\t\t\t<div class=\"gs_team_image__overlay\"><\/div>\t\t\t\t\t\t<\/div>\n\n\t\t\t\t\t\t<div class=\"gs_member_info\">\n\t\t\t\t\t\t\t\n\t\t\t\t\t\t\t<!-- Member Name -->\n\t\t\t\t\t\t\t<div class=\"gs-member-name \" itemprop=\"name\">\u00c9mie D\u00e9silets<\/div>\t\t\t\t\t\t\t\n\t\t\t\t\t\t\t<!-- Member Designation -->\n\t\t\t\t\t\t\t<div class=\"gs-member-desig\" itemprop=\"jobTitle\">Directrice adjointe, Recherche, Producteurs laitiers du Canada (PLC)<\/div>\n\t\t\t\t\t\t\t\n\t\t\t\t\t\t\t<!-- Description -->\n\t\t\t\t\t\t\t\t\t\t\t\t\t\t\t\n\t\t\t\t\t\t\t\t\t\t\t\t\t\t\t\t\t<div class=\"gs-member-desc\" itemprop=\"description\"><\/div>\n\t\t\t\t\t\t\t\t\n\t\t\t\t\t\t\t\t\t\t\t\t\t\t\t\t\t\t\t\t\t\t\n\t\t\t\t\t\t<\/div>\n\n\t\t\t\t\t\t<!-- Social Links -->\n\t\t\t\t\t\t<div class=\"single-mem-desc-social\">\n\t\t\t\t\t\t\t\t\t\t\t\t\t<\/div>\n\t\t\t\t\t\t\n\t\t\t\t\t<\/div>\n\n\t\t\t\t<\/div>\n\n\t\t\t\t<!-- Popup -->\n\t\t\t\t\n\t\t\t<\/div>\n\n\t\t\n\t\t\t<!-- Start single member -->\n\t\t\t<div class=\"single-member-div gs-col-lg-3 gs-col-md-4 gs-col-sm-6 gs-col-xs-12\" >\n\t\t\t\t\n\t\t\t\t<!-- Sehema & Single member wrapper -->\n\t\t\t\t<div class=\"single-member--wrapper\" itemscope itemtype=\"http:\/\/schema.org\/Person\">\n\n\t\t\t\t\t<!-- Single member thumbnail and more -->\n\t\t\t\t\t<div class=\"single-member\">\n\n\t\t\t\t\t\t<span class=\"gs-team-member--zip-codes\" style=\"display:none!important\"><\/span>\t\t\t\t\t\t\n\t\t\t\t\t\t<!-- Team Image -->\n\t\t\t\t\t\t<div class=\"gs_team_image__wrapper\">\n\t\t\t\t\t\t\t<img loading=\"lazy\" decoding=\"async\" width=\"480\" height=\"546\" src=\"https:\/\/wp.well-e.org\/wp-content\/uploads\/2024\/09\/eric_beaudry.jpeg\" class=\"gs_team_member--image wp-post-image\" alt=\"Eric Beaudry\" itemprop=\"image\" srcset=\"https:\/\/wp.well-e.org\/wp-content\/uploads\/2024\/09\/eric_beaudry.jpeg 480w, https:\/\/wp.well-e.org\/wp-content\/uploads\/2024\/09\/eric_beaudry-264x300.jpeg 264w, https:\/\/wp.well-e.org\/wp-content\/uploads\/2024\/09\/eric_beaudry-11x12.jpeg 11w\" sizes=\"auto, (max-width: 480px) 100vw, 480px\" \/>\t\t\t\t\t\t\t<div class=\"gs_team_image__overlay\"><\/div>\t\t\t\t\t\t<\/div>\n\n\t\t\t\t\t\t<div class=\"gs_member_info\">\n\t\t\t\t\t\t\t\n\t\t\t\t\t\t\t<!-- Member Name -->\n\t\t\t\t\t\t\t<div class=\"gs-member-name \" itemprop=\"name\">Eric Beaudry<\/div>\t\t\t\t\t\t\t\n\t\t\t\t\t\t\t<!-- Member Designation -->\n\t\t\t\t\t\t\t<div class=\"gs-member-desig\" itemprop=\"jobTitle\">Professeur agr\u00e9g\u00e9 et directeur du d\u00e9partement, D\u00e9partement d\u2019informatique, UQAM<\/div>\n\t\t\t\t\t\t\t\n\t\t\t\t\t\t\t<!-- Description -->\n\t\t\t\t\t\t\t\t\t\t\t\t\t\t\t\n\t\t\t\t\t\t\t\t\t\t\t\t\t\t\t\t\t<div class=\"gs-member-desc\" itemprop=\"description\"><\/div>\n\t\t\t\t\t\t\t\t\n\t\t\t\t\t\t\t\t\t\t\t\t\t\t\t\t\t\t\t\t\t\t\n\t\t\t\t\t\t<\/div>\n\n\t\t\t\t\t\t<!-- Social Links -->\n\t\t\t\t\t\t<div class=\"single-mem-desc-social\">\n\t\t\t\t\t\t\t\t\t\t\t\t\t<\/div>\n\t\t\t\t\t\t\n\t\t\t\t\t<\/div>\n\n\t\t\t\t<\/div>\n\n\t\t\t\t<!-- Popup -->\n\t\t\t\t\n\t\t\t<\/div>\n\n\t\t\n\t\t\t<!-- Start single member -->\n\t\t\t<div class=\"single-member-div gs-col-lg-3 gs-col-md-4 gs-col-sm-6 gs-col-xs-12\" >\n\t\t\t\t\n\t\t\t\t<!-- Sehema & Single member wrapper -->\n\t\t\t\t<div class=\"single-member--wrapper\" itemscope itemtype=\"http:\/\/schema.org\/Person\">\n\n\t\t\t\t\t<!-- Single member thumbnail and more -->\n\t\t\t\t\t<div class=\"single-member\">\n\n\t\t\t\t\t\t<span class=\"gs-team-member--zip-codes\" style=\"display:none!important\"><\/span>\t\t\t\t\t\t\n\t\t\t\t\t\t<!-- Team Image -->\n\t\t\t\t\t\t<div class=\"gs_team_image__wrapper\">\n\t\t\t\t\t\t\t<img loading=\"lazy\" decoding=\"async\" width=\"450\" height=\"450\" src=\"https:\/\/wp.well-e.org\/wp-content\/uploads\/2024\/09\/guy-seguin.jpg\" class=\"gs_team_member--image wp-post-image\" alt=\"Guy S\u00e9guin\" itemprop=\"image\" srcset=\"https:\/\/wp.well-e.org\/wp-content\/uploads\/2024\/09\/guy-seguin.jpg 450w, https:\/\/wp.well-e.org\/wp-content\/uploads\/2024\/09\/guy-seguin-300x300.jpg 300w, https:\/\/wp.well-e.org\/wp-content\/uploads\/2024\/09\/guy-seguin-150x150.jpg 150w, https:\/\/wp.well-e.org\/wp-content\/uploads\/2024\/09\/guy-seguin-12x12.jpg 12w\" sizes=\"auto, (max-width: 450px) 100vw, 450px\" \/>\t\t\t\t\t\t\t<div class=\"gs_team_image__overlay\"><\/div>\t\t\t\t\t\t<\/div>\n\n\t\t\t\t\t\t<div class=\"gs_member_info\">\n\t\t\t\t\t\t\t\n\t\t\t\t\t\t\t<!-- Member Name -->\n\t\t\t\t\t\t\t<div class=\"gs-member-name \" itemprop=\"name\">Guy S\u00e9guin<\/div>\t\t\t\t\t\t\t\n\t\t\t\t\t\t\t<!-- Member Designation -->\n\t\t\t\t\t\t\t<div class=\"gs-member-desig\" itemprop=\"jobTitle\">Conseiller principal, programmes sp\u00e9ciaux, Dairy Farmers of Ontario (DFO)<\/div>\n\t\t\t\t\t\t\t\n\t\t\t\t\t\t\t<!-- Description -->\n\t\t\t\t\t\t\t\t\t\t\t\t\t\t\t\n\t\t\t\t\t\t\t\t\t\t\t\t\t\t\t\t\t<div class=\"gs-member-desc\" itemprop=\"description\"><\/div>\n\t\t\t\t\t\t\t\t\n\t\t\t\t\t\t\t\t\t\t\t\t\t\t\t\t\t\t\t\t\t\t\n\t\t\t\t\t\t<\/div>\n\n\t\t\t\t\t\t<!-- Social Links -->\n\t\t\t\t\t\t<div class=\"single-mem-desc-social\">\n\t\t\t\t\t\t\t\t\t\t\t\t\t<\/div>\n\t\t\t\t\t\t\n\t\t\t\t\t<\/div>\n\n\t\t\t\t<\/div>\n\n\t\t\t\t<!-- Popup -->\n\t\t\t\t\n\t\t\t<\/div>\n\n\t\t\n\t\t\t<!-- Start single member -->\n\t\t\t<div class=\"single-member-div gs-col-lg-3 gs-col-md-4 gs-col-sm-6 gs-col-xs-12\" >\n\t\t\t\t\n\t\t\t\t<!-- Sehema & Single member wrapper -->\n\t\t\t\t<div class=\"single-member--wrapper\" itemscope itemtype=\"http:\/\/schema.org\/Person\">\n\n\t\t\t\t\t<!-- Single member thumbnail and more -->\n\t\t\t\t\t<div class=\"single-member\">\n\n\t\t\t\t\t\t<span class=\"gs-team-member--zip-codes\" style=\"display:none!important\"><\/span>\t\t\t\t\t\t\n\t\t\t\t\t\t<!-- Team Image -->\n\t\t\t\t\t\t<div class=\"gs_team_image__wrapper\">\n\t\t\t\t\t\t\t<img loading=\"lazy\" decoding=\"async\" width=\"500\" height=\"559\" src=\"https:\/\/wp.well-e.org\/wp-content\/uploads\/2024\/08\/Karen.jpg\" class=\"gs_team_member--image wp-post-image\" alt=\"Karen Reynard\" itemprop=\"image\" srcset=\"https:\/\/wp.well-e.org\/wp-content\/uploads\/2024\/08\/Karen.jpg 500w, https:\/\/wp.well-e.org\/wp-content\/uploads\/2024\/08\/Karen-268x300.jpg 268w, https:\/\/wp.well-e.org\/wp-content\/uploads\/2024\/08\/Karen-11x12.jpg 11w\" sizes=\"auto, (max-width: 500px) 100vw, 500px\" \/>\t\t\t\t\t\t\t<div class=\"gs_team_image__overlay\"><\/div>\t\t\t\t\t\t<\/div>\n\n\t\t\t\t\t\t<div class=\"gs_member_info\">\n\t\t\t\t\t\t\t\n\t\t\t\t\t\t\t<!-- Member Name -->\n\t\t\t\t\t\t\t<div class=\"gs-member-name \" itemprop=\"name\">Karen Reynard<\/div>\t\t\t\t\t\t\t\n\t\t\t\t\t\t\t<!-- Member Designation -->\n\t\t\t\t\t\t\t<div class=\"gs-member-desig\" itemprop=\"jobTitle\">Assistante administrative, D\u00e9partement d&rsquo;informatique, UQAM<\/div>\n\t\t\t\t\t\t\t\n\t\t\t\t\t\t\t<!-- Description -->\n\t\t\t\t\t\t\t\t\t\t\t\t\t\t\t\n\t\t\t\t\t\t\t\t\t\t\t\t\t\t\t\t\t<div class=\"gs-member-desc\" itemprop=\"description\"><\/div>\n\t\t\t\t\t\t\t\t\n\t\t\t\t\t\t\t\t\t\t\t\t\t\t\t\t\t\t\t\t\t\t\n\t\t\t\t\t\t<\/div>\n\n\t\t\t\t\t\t<!-- Social Links -->\n\t\t\t\t\t\t<div class=\"single-mem-desc-social\">\n\t\t\t\t\t\t\t\t\t\t\t\t\t<\/div>\n\t\t\t\t\t\t\n\t\t\t\t\t<\/div>\n\n\t\t\t\t<\/div>\n\n\t\t\t\t<!-- Popup -->\n\t\t\t\t\n\t\t\t<\/div>\n\n\t\t\n\t\t\t<!-- Start single member -->\n\t\t\t<div class=\"single-member-div gs-col-lg-3 gs-col-md-4 gs-col-sm-6 gs-col-xs-12\" >\n\t\t\t\t\n\t\t\t\t<!-- Sehema & Single member wrapper -->\n\t\t\t\t<div class=\"single-member--wrapper\" itemscope itemtype=\"http:\/\/schema.org\/Person\">\n\n\t\t\t\t\t<!-- Single member thumbnail and more -->\n\t\t\t\t\t<div class=\"single-member\">\n\n\t\t\t\t\t\t<span class=\"gs-team-member--zip-codes\" style=\"display:none!important\"><\/span>\t\t\t\t\t\t\n\t\t\t\t\t\t<!-- Team Image -->\n\t\t\t\t\t\t<div class=\"gs_team_image__wrapper\">\n\t\t\t\t\t\t\t<img loading=\"lazy\" decoding=\"async\" width=\"420\" height=\"420\" src=\"https:\/\/wp.well-e.org\/wp-content\/uploads\/2024\/09\/macedo_espinosa_maria_guadalupe.jpg\" class=\"gs_team_member--image wp-post-image\" alt=\"Maria Macedo Espinosa\" itemprop=\"image\" srcset=\"https:\/\/wp.well-e.org\/wp-content\/uploads\/2024\/09\/macedo_espinosa_maria_guadalupe.jpg 420w, https:\/\/wp.well-e.org\/wp-content\/uploads\/2024\/09\/macedo_espinosa_maria_guadalupe-300x300.jpg 300w, https:\/\/wp.well-e.org\/wp-content\/uploads\/2024\/09\/macedo_espinosa_maria_guadalupe-150x150.jpg 150w, https:\/\/wp.well-e.org\/wp-content\/uploads\/2024\/09\/macedo_espinosa_maria_guadalupe-12x12.jpg 12w\" sizes=\"auto, (max-width: 420px) 100vw, 420px\" \/>\t\t\t\t\t\t\t<div class=\"gs_team_image__overlay\"><\/div>\t\t\t\t\t\t<\/div>\n\n\t\t\t\t\t\t<div class=\"gs_member_info\">\n\t\t\t\t\t\t\t\n\t\t\t\t\t\t\t<!-- Member Name -->\n\t\t\t\t\t\t\t<div class=\"gs-member-name \" itemprop=\"name\">Maria Macedo Espinosa<\/div>\t\t\t\t\t\t\t\n\t\t\t\t\t\t\t<!-- Member Designation -->\n\t\t\t\t\t\t\t<div class=\"gs-member-desig\" itemprop=\"jobTitle\">Agente de recherche et de planification, Service des partenariats et du soutien \u00e0 l&rsquo;innovation, UQAM<\/div>\n\t\t\t\t\t\t\t\n\t\t\t\t\t\t\t<!-- Description -->\n\t\t\t\t\t\t\t\t\t\t\t\t\t\t\t\n\t\t\t\t\t\t\t\t\t\t\t\t\t\t\t\t\t<div class=\"gs-member-desc\" itemprop=\"description\"><\/div>\n\t\t\t\t\t\t\t\t\n\t\t\t\t\t\t\t\t\t\t\t\t\t\t\t\t\t\t\t\t\t\t\n\t\t\t\t\t\t<\/div>\n\n\t\t\t\t\t\t<!-- Social Links -->\n\t\t\t\t\t\t<div class=\"single-mem-desc-social\">\n\t\t\t\t\t\t\t\t\t\t\t\t\t<\/div>\n\t\t\t\t\t\t\n\t\t\t\t\t<\/div>\n\n\t\t\t\t<\/div>\n\n\t\t\t\t<!-- Popup -->\n\t\t\t\t\n\t\t\t<\/div>\n\n\t\t\n\t\t\t<!-- Start single member -->\n\t\t\t<div class=\"single-member-div gs-col-lg-3 gs-col-md-4 gs-col-sm-6 gs-col-xs-12\" >\n\t\t\t\t\n\t\t\t\t<!-- Sehema & Single member wrapper -->\n\t\t\t\t<div class=\"single-member--wrapper\" itemscope itemtype=\"http:\/\/schema.org\/Person\">\n\n\t\t\t\t\t<!-- Single member thumbnail and more -->\n\t\t\t\t\t<div class=\"single-member\">\n\n\t\t\t\t\t\t<span class=\"gs-team-member--zip-codes\" style=\"display:none!important\"><\/span>\t\t\t\t\t\t\n\t\t\t\t\t\t<!-- Team Image -->\n\t\t\t\t\t\t<div class=\"gs_team_image__wrapper\">\n\t\t\t\t\t\t\t<img loading=\"lazy\" decoding=\"async\" width=\"1024\" height=\"919\" src=\"https:\/\/wp.well-e.org\/wp-content\/uploads\/2024\/09\/duggavathi_raj-scaled-e1727138320807-1024x919.jpg\" class=\"gs_team_member--image wp-post-image\" alt=\"Raj Duggavathi\" itemprop=\"image\" srcset=\"https:\/\/wp.well-e.org\/wp-content\/uploads\/2024\/09\/duggavathi_raj-scaled-e1727138320807-1024x919.jpg 1024w, https:\/\/wp.well-e.org\/wp-content\/uploads\/2024\/09\/duggavathi_raj-scaled-e1727138320807-300x269.jpg 300w, https:\/\/wp.well-e.org\/wp-content\/uploads\/2024\/09\/duggavathi_raj-scaled-e1727138320807-768x690.jpg 768w, https:\/\/wp.well-e.org\/wp-content\/uploads\/2024\/09\/duggavathi_raj-scaled-e1727138320807-13x12.jpg 13w, https:\/\/wp.well-e.org\/wp-content\/uploads\/2024\/09\/duggavathi_raj-scaled-e1727138320807.jpg 1254w\" sizes=\"auto, (max-width: 1024px) 100vw, 1024px\" \/>\t\t\t\t\t\t\t<div class=\"gs_team_image__overlay\"><\/div>\t\t\t\t\t\t<\/div>\n\n\t\t\t\t\t\t<div class=\"gs_member_info\">\n\t\t\t\t\t\t\t\n\t\t\t\t\t\t\t<!-- Member Name -->\n\t\t\t\t\t\t\t<div class=\"gs-member-name \" itemprop=\"name\">Raj Duggavathi<\/div>\t\t\t\t\t\t\t\n\t\t\t\t\t\t\t<!-- Member Designation -->\n\t\t\t\t\t\t\t<div class=\"gs-member-desig\" itemprop=\"jobTitle\">Professeur agr\u00e9g\u00e9 et directeur de d\u00e9partement, D\u00e9partement des sciences animales, McGill<\/div>\n\t\t\t\t\t\t\t\n\t\t\t\t\t\t\t<!-- Description -->\n\t\t\t\t\t\t\t\t\t\t\t\t\t\t\t\n\t\t\t\t\t\t\t\t\t\t\t\t\t\t\t\t\t<div class=\"gs-member-desc\" itemprop=\"description\"><\/div>\n\t\t\t\t\t\t\t\t\n\t\t\t\t\t\t\t\t\t\t\t\t\t\t\t\t\t\t\t\t\t\t\n\t\t\t\t\t\t<\/div>\n\n\t\t\t\t\t\t<!-- Social Links -->\n\t\t\t\t\t\t<div class=\"single-mem-desc-social\">\n\t\t\t\t\t\t\t\t\t\t\t\t\t<\/div>\n\t\t\t\t\t\t\n\t\t\t\t\t<\/div>\n\n\t\t\t\t<\/div>\n\n\t\t\t\t<!-- Popup -->\n\t\t\t\t\n\t\t\t<\/div>\n\n\t\t\n\t\t\t<!-- Start single member -->\n\t\t\t<div class=\"single-member-div gs-col-lg-3 gs-col-md-4 gs-col-sm-6 gs-col-xs-12\" >\n\t\t\t\t\n\t\t\t\t<!-- Sehema & Single member wrapper -->\n\t\t\t\t<div class=\"single-member--wrapper\" itemscope itemtype=\"http:\/\/schema.org\/Person\">\n\n\t\t\t\t\t<!-- Single member thumbnail and more -->\n\t\t\t\t\t<div class=\"single-member\">\n\n\t\t\t\t\t\t<span class=\"gs-team-member--zip-codes\" style=\"display:none!important\"><\/span>\t\t\t\t\t\t\n\t\t\t\t\t\t<!-- Team Image -->\n\t\t\t\t\t\t<div class=\"gs_team_image__wrapper\">\n\t\t\t\t\t\t\t<img loading=\"lazy\" decoding=\"async\" width=\"388\" height=\"405\" src=\"https:\/\/wp.well-e.org\/wp-content\/uploads\/2024\/09\/salwa_karboune-e1727138406971.jpg\" class=\"gs_team_member--image wp-post-image\" alt=\"Salwa Karboune\" itemprop=\"image\" srcset=\"https:\/\/wp.well-e.org\/wp-content\/uploads\/2024\/09\/salwa_karboune-e1727138406971.jpg 388w, https:\/\/wp.well-e.org\/wp-content\/uploads\/2024\/09\/salwa_karboune-e1727138406971-287x300.jpg 287w, https:\/\/wp.well-e.org\/wp-content\/uploads\/2024\/09\/salwa_karboune-e1727138406971-11x12.jpg 11w\" sizes=\"auto, (max-width: 388px) 100vw, 388px\" \/>\t\t\t\t\t\t\t<div class=\"gs_team_image__overlay\"><\/div>\t\t\t\t\t\t<\/div>\n\n\t\t\t\t\t\t<div class=\"gs_member_info\">\n\t\t\t\t\t\t\t\n\t\t\t\t\t\t\t<!-- Member Name -->\n\t\t\t\t\t\t\t<div class=\"gs-member-name \" itemprop=\"name\">Salwa Karboune<\/div>\t\t\t\t\t\t\t\n\t\t\t\t\t\t\t<!-- Member Designation -->\n\t\t\t\t\t\t\t<div class=\"gs-member-desig\" itemprop=\"jobTitle\">Doyenne associ\u00e9e \u00e0 la recherche, Facult\u00e9 des sciences de l\u2019agriculture et de l\u2019environnement, McGill<\/div>\n\t\t\t\t\t\t\t\n\t\t\t\t\t\t\t<!-- Description -->\n\t\t\t\t\t\t\t\t\t\t\t\t\t\t\t\n\t\t\t\t\t\t\t\t\t\t\t\t\t\t\t\t\t<div class=\"gs-member-desc\" itemprop=\"description\"><\/div>\n\t\t\t\t\t\t\t\t\n\t\t\t\t\t\t\t\t\t\t\t\t\t\t\t\t\t\t\t\t\t\t\n\t\t\t\t\t\t<\/div>\n\n\t\t\t\t\t\t<!-- Social Links -->\n\t\t\t\t\t\t<div class=\"single-mem-desc-social\">\n\t\t\t\t\t\t\t\t\t\t\t\t\t<\/div>\n\t\t\t\t\t\t\n\t\t\t\t\t<\/div>\n\n\t\t\t\t<\/div>\n\n\t\t\t\t<!-- Popup -->\n\t\t\t\t\n\t\t\t<\/div>\n\n\t\t\n\t\t\t\n\t\t\n\t\t<!-- Drawer Contents -->\n\t\t\n\t<\/div>\n\n\t<!-- Pagination -->\n\t\n<\/div>\n\n<!-- Panel -->\n\t\n\t\t<\/div>\n\t\t\n\t\t<style>#gs_team_area_8 .gs-team-filter-cats{text-align:center}<\/style><style>.gs-team-member a{pointer-events:none;cursor:default}<\/style>","protected":false},"excerpt":{"rendered":"<p>Ce comit\u00e9 fournit des conseils sur la gestion de la Chaire de recherche et de ses activit\u00e9s. Ses responsabilit\u00e9s principales comprennent l\u2019approbation de la planification des projets de recherche et du budget annuel, ainsi que la supervision du comit\u00e9 scientifique.<\/p>\n","protected":false},"author":1,"featured_media":351,"parent":0,"menu_order":0,"comment_status":"closed","ping_status":"closed","template":"","meta":{"_acf_changed":false,"_crdt_document":"","footnotes":""},"class_list":["post-58","page","type-page","status-publish","has-post-thumbnail","hentry"],"blocksy_meta":[],"acf":[],"yoast_head":"<!-- This site is optimized with the Yoast SEO plugin v27.4 - https:\/\/yoast.com\/product\/yoast-seo-wordpress\/ -->\n<title>Comit\u00e9 de gestion - WELL-E<\/title>\n<meta name=\"robots\" content=\"index, follow, max-snippet:-1, max-image-preview:large, max-video-preview:-1\" \/>\n<link rel=\"canonical\" href=\"https:\/\/wp.well-e.org\/fr\/comite-de-gestion\/\" \/>\n<meta property=\"og:locale\" content=\"fr_CA\" \/>\n<meta property=\"og:type\" content=\"article\" \/>\n<meta property=\"og:title\" content=\"Comit\u00e9 de gestion - WELL-E\" \/>\n<meta property=\"og:description\" content=\"Ce comit\u00e9 fournit des conseils sur la gestion de la Chaire de recherche et de ses activit\u00e9s. Ses responsabilit\u00e9s principales comprennent l\u2019approbation de la planification des projets de recherche et du budget annuel, ainsi que la supervision du comit\u00e9 scientifique.\" \/>\n<meta property=\"og:url\" content=\"https:\/\/wp.well-e.org\/fr\/comite-de-gestion\/\" \/>\n<meta property=\"og:site_name\" content=\"WELL-E\" \/>\n<meta property=\"article:modified_time\" content=\"2024-09-24T15:12:27+00:00\" \/>\n<meta property=\"og:image\" content=\"https:\/\/wp.well-e.org\/wp-content\/uploads\/2024\/06\/page-header-governance.jpg\" \/>\n\t<meta property=\"og:image:width\" content=\"1920\" \/>\n\t<meta property=\"og:image:height\" content=\"260\" \/>\n\t<meta property=\"og:image:type\" content=\"image\/jpeg\" \/>\n<meta name=\"twitter:card\" content=\"summary_large_image\" \/>\n<script type=\"application\/ld+json\" class=\"yoast-schema-graph\">{\"@context\":\"https:\\\/\\\/schema.org\",\"@graph\":[{\"@type\":\"WebPage\",\"@id\":\"https:\\\/\\\/wp.well-e.org\\\/comite-de-gestion\\\/\",\"url\":\"https:\\\/\\\/wp.well-e.org\\\/comite-de-gestion\\\/\",\"name\":\"Comit\u00e9 de gestion - WELL-E\",\"isPartOf\":{\"@id\":\"https:\\\/\\\/wp.well-e.org\\\/#website\"},\"primaryImageOfPage\":{\"@id\":\"https:\\\/\\\/wp.well-e.org\\\/comite-de-gestion\\\/#primaryimage\"},\"image\":{\"@id\":\"https:\\\/\\\/wp.well-e.org\\\/comite-de-gestion\\\/#primaryimage\"},\"thumbnailUrl\":\"https:\\\/\\\/wp.well-e.org\\\/wp-content\\\/uploads\\\/2024\\\/06\\\/page-header-governance.jpg\",\"datePublished\":\"2024-05-13T15:54:07+00:00\",\"dateModified\":\"2024-09-24T15:12:27+00:00\",\"breadcrumb\":{\"@id\":\"https:\\\/\\\/wp.well-e.org\\\/comite-de-gestion\\\/#breadcrumb\"},\"inLanguage\":\"fr-CA\",\"potentialAction\":[{\"@type\":\"ReadAction\",\"target\":[\"https:\\\/\\\/wp.well-e.org\\\/comite-de-gestion\\\/\"]}]},{\"@type\":\"ImageObject\",\"inLanguage\":\"fr-CA\",\"@id\":\"https:\\\/\\\/wp.well-e.org\\\/comite-de-gestion\\\/#primaryimage\",\"url\":\"https:\\\/\\\/wp.well-e.org\\\/wp-content\\\/uploads\\\/2024\\\/06\\\/page-header-governance.jpg\",\"contentUrl\":\"https:\\\/\\\/wp.well-e.org\\\/wp-content\\\/uploads\\\/2024\\\/06\\\/page-header-governance.jpg\",\"width\":1920,\"height\":260},{\"@type\":\"BreadcrumbList\",\"@id\":\"https:\\\/\\\/wp.well-e.org\\\/comite-de-gestion\\\/#breadcrumb\",\"itemListElement\":[{\"@type\":\"ListItem\",\"position\":1,\"name\":\"Home\",\"item\":\"https:\\\/\\\/wp.well-e.org\\\/\"},{\"@type\":\"ListItem\",\"position\":2,\"name\":\"Comit\u00e9 de gestion\"}]},{\"@type\":\"WebSite\",\"@id\":\"https:\\\/\\\/wp.well-e.org\\\/#website\",\"url\":\"https:\\\/\\\/wp.well-e.org\\\/\",\"name\":\"WELL-E\",\"description\":\"IA au service du bien-&ecirc;tre animal\",\"publisher\":{\"@id\":\"https:\\\/\\\/wp.well-e.org\\\/#organization\"},\"potentialAction\":[{\"@type\":\"SearchAction\",\"target\":{\"@type\":\"EntryPoint\",\"urlTemplate\":\"https:\\\/\\\/wp.well-e.org\\\/?s={search_term_string}\"},\"query-input\":{\"@type\":\"PropertyValueSpecification\",\"valueRequired\":true,\"valueName\":\"search_term_string\"}}],\"inLanguage\":\"fr-CA\"},{\"@type\":\"Organization\",\"@id\":\"https:\\\/\\\/wp.well-e.org\\\/#organization\",\"name\":\"WELL-E\",\"url\":\"https:\\\/\\\/wp.well-e.org\\\/\",\"logo\":{\"@type\":\"ImageObject\",\"inLanguage\":\"fr-CA\",\"@id\":\"https:\\\/\\\/wp.well-e.org\\\/#\\\/schema\\\/logo\\\/image\\\/\",\"url\":\"https:\\\/\\\/wp.well-e.org\\\/wp-content\\\/uploads\\\/2024\\\/05\\\/LOGOTYPETAG_Left_RVB_FR-edited-1-e1718738358443.png\",\"contentUrl\":\"https:\\\/\\\/wp.well-e.org\\\/wp-content\\\/uploads\\\/2024\\\/05\\\/LOGOTYPETAG_Left_RVB_FR-edited-1-e1718738358443.png\",\"width\":1000,\"height\":250,\"caption\":\"WELL-E\"},\"image\":{\"@id\":\"https:\\\/\\\/wp.well-e.org\\\/#\\\/schema\\\/logo\\\/image\\\/\"},\"sameAs\":[\"https:\\\/\\\/www.linkedin.com\\\/company\\\/research-and-innovation-chair-in-animal-welfare-and-artificial-intelligence-well-e\"]}]}<\/script>\n<!-- \/ Yoast SEO plugin. -->","yoast_head_json":{"title":"Comit\u00e9 de gestion - WELL-E","robots":{"index":"index","follow":"follow","max-snippet":"max-snippet:-1","max-image-preview":"max-image-preview:large","max-video-preview":"max-video-preview:-1"},"canonical":"https:\/\/wp.well-e.org\/fr\/comite-de-gestion\/","og_locale":"fr_CA","og_type":"article","og_title":"Comit\u00e9 de gestion - WELL-E","og_description":"Ce comit\u00e9 fournit des conseils sur la gestion de la Chaire de recherche et de ses activit\u00e9s. Ses responsabilit\u00e9s principales comprennent l\u2019approbation de la planification des projets de recherche et du budget annuel, ainsi que la supervision du comit\u00e9 scientifique.","og_url":"https:\/\/wp.well-e.org\/fr\/comite-de-gestion\/","og_site_name":"WELL-E","article_modified_time":"2024-09-24T15:12:27+00:00","og_image":[{"width":1920,"height":260,"url":"https:\/\/wp.well-e.org\/wp-content\/uploads\/2024\/06\/page-header-governance.jpg","type":"image\/jpeg"}],"twitter_card":"summary_large_image","schema":{"@context":"https:\/\/schema.org","@graph":[{"@type":"WebPage","@id":"https:\/\/wp.well-e.org\/comite-de-gestion\/","url":"https:\/\/wp.well-e.org\/comite-de-gestion\/","name":"Comit\u00e9 de gestion - WELL-E","isPartOf":{"@id":"https:\/\/wp.well-e.org\/#website"},"primaryImageOfPage":{"@id":"https:\/\/wp.well-e.org\/comite-de-gestion\/#primaryimage"},"image":{"@id":"https:\/\/wp.well-e.org\/comite-de-gestion\/#primaryimage"},"thumbnailUrl":"https:\/\/wp.well-e.org\/wp-content\/uploads\/2024\/06\/page-header-governance.jpg","datePublished":"2024-05-13T15:54:07+00:00","dateModified":"2024-09-24T15:12:27+00:00","breadcrumb":{"@id":"https:\/\/wp.well-e.org\/comite-de-gestion\/#breadcrumb"},"inLanguage":"fr-CA","potentialAction":[{"@type":"ReadAction","target":["https:\/\/wp.well-e.org\/comite-de-gestion\/"]}]},{"@type":"ImageObject","inLanguage":"fr-CA","@id":"https:\/\/wp.well-e.org\/comite-de-gestion\/#primaryimage","url":"https:\/\/wp.well-e.org\/wp-content\/uploads\/2024\/06\/page-header-governance.jpg","contentUrl":"https:\/\/wp.well-e.org\/wp-content\/uploads\/2024\/06\/page-header-governance.jpg","width":1920,"height":260},{"@type":"BreadcrumbList","@id":"https:\/\/wp.well-e.org\/comite-de-gestion\/#breadcrumb","itemListElement":[{"@type":"ListItem","position":1,"name":"Home","item":"https:\/\/wp.well-e.org\/"},{"@type":"ListItem","position":2,"name":"Comit\u00e9 de gestion"}]},{"@type":"WebSite","@id":"https:\/\/wp.well-e.org\/#website","url":"https:\/\/wp.well-e.org\/","name":"WELL-E","description":"IA au service du bien-&ecirc;tre animal","publisher":{"@id":"https:\/\/wp.well-e.org\/#organization"},"potentialAction":[{"@type":"SearchAction","target":{"@type":"EntryPoint","urlTemplate":"https:\/\/wp.well-e.org\/?s={search_term_string}"},"query-input":{"@type":"PropertyValueSpecification","valueRequired":true,"valueName":"search_term_string"}}],"inLanguage":"fr-CA"},{"@type":"Organization","@id":"https:\/\/wp.well-e.org\/#organization","name":"WELL-E","url":"https:\/\/wp.well-e.org\/","logo":{"@type":"ImageObject","inLanguage":"fr-CA","@id":"https:\/\/wp.well-e.org\/#\/schema\/logo\/image\/","url":"https:\/\/wp.well-e.org\/wp-content\/uploads\/2024\/05\/LOGOTYPETAG_Left_RVB_FR-edited-1-e1718738358443.png","contentUrl":"https:\/\/wp.well-e.org\/wp-content\/uploads\/2024\/05\/LOGOTYPETAG_Left_RVB_FR-edited-1-e1718738358443.png","width":1000,"height":250,"caption":"WELL-E"},"image":{"@id":"https:\/\/wp.well-e.org\/#\/schema\/logo\/image\/"},"sameAs":["https:\/\/www.linkedin.com\/company\/research-and-innovation-chair-in-animal-welfare-and-artificial-intelligence-well-e"]}]}},"_links":{"self":[{"href":"https:\/\/wp.well-e.org\/fr\/wp-json\/wp\/v2\/pages\/58","targetHints":{"allow":["GET"]}}],"collection":[{"href":"https:\/\/wp.well-e.org\/fr\/wp-json\/wp\/v2\/pages"}],"about":[{"href":"https:\/\/wp.well-e.org\/fr\/wp-json\/wp\/v2\/types\/page"}],"author":[{"embeddable":true,"href":"https:\/\/wp.well-e.org\/fr\/wp-json\/wp\/v2\/users\/1"}],"replies":[{"embeddable":true,"href":"https:\/\/wp.well-e.org\/fr\/wp-json\/wp\/v2\/comments?post=58"}],"version-history":[{"count":35,"href":"https:\/\/wp.well-e.org\/fr\/wp-json\/wp\/v2\/pages\/58\/revisions"}],"predecessor-version":[{"id":1406,"href":"https:\/\/wp.well-e.org\/fr\/wp-json\/wp\/v2\/pages\/58\/revisions\/1406"}],"wp:featuredmedia":[{"embeddable":true,"href":"https:\/\/wp.well-e.org\/fr\/wp-json\/wp\/v2\/media\/351"}],"wp:attachment":[{"href":"https:\/\/wp.well-e.org\/fr\/wp-json\/wp\/v2\/media?parent=58"}],"curies":[{"name":"wp","href":"https:\/\/api.w.org\/{rel}","templated":true}]}}