{"id":722,"date":"2024-08-08T18:56:22","date_gmt":"2024-08-08T22:56:22","guid":{"rendered":"https:\/\/wp.well-e.org\/?page_id=722"},"modified":"2025-11-18T11:20:46","modified_gmt":"2025-11-18T16:20:46","slug":"articles-interviews","status":"publish","type":"page","link":"https:\/\/wp.well-e.org\/fr\/articles-interviews\/","title":{"rendered":"Articles &amp; interviews"},"content":{"rendered":"\n<div class=\"wp-block-group alignfull is-layout-constrained wp-block-group-is-layout-constrained\">\n<h2 class=\"wp-block-heading underline-red blue\">Articles &amp; Interviews<\/h2>\n\n\n\n<acf-card-691c9c97ebdaf class=\"acf-card acf-card--id--691c9c97ebdaf\"><div class=\"acf-card__items\"><acf-view-691c991e8ecbf class=\"acf-view acf-view--id--691c991e8ecbf acf-view--object-id--1913\"><div class=\"acf-view__article--interview\"><p class=\"acf-view__article--interv-title\"><a target=\"_self\" class=\"acf-view__article--interv-title\" href=\"https:\/\/wp.well-e.org\/articles-interviews\/developper-lintelligence-artificielle-pour-mieux-comprendre-les-vaches\/\">D\u00e9velopper l\u2019intelligence artificielle pour mieux comprendre les vaches<\/a><\/p><div class=\"acf-view__article--interview-description\">M\u00e9dia: Radio-Canada R\u00e9veil - Nouvelle-\u00c9cosse\/Terre-Neuve \r<br\/>Auteurs: Catherine Morasse\r<br\/><\/div><a target=\"_blank\" class=\"acf-view__article--interview-external-url\" href=\"https:\/\/ici.radio-canada.ca\/ohdio\/premiere\/emissions\/le-reveil-nouvelle-ecosse-et-t-n\/segments\/rattrapage\/2207512\/actualite-jour\">Voir m\u00e9dia<\/a><div class=\"acf-view__article--interview-participants\"><p class=\"acf-view__article--interview-participants-label\">Participants:        <a target=\"_self\" class=\"acf-view__article--interview-participants-link\" href=\"https:\/\/wp.well-e.org\/fr\/team-members\/elsa-vasseur\/\">    Elsa Vasseur    <\/a>    <\/p><\/div><div class=\"acf-view__article--interview-publication-date\"><p class=\"acf-view__article--interview-publication-date-label\">Date de publication: octobre 23, 2025    <\/p>    <\/div>   <a target=\"_self\" class=\"acf-view__article--interview-url\" href=\"https:\/\/wp.well-e.org\/articles-interviews\/developper-lintelligence-artificielle-pour-mieux-comprendre-les-vaches\/\"><\/a><\/div><div>  <p><\/p>    <\/div><\/acf-view-691c991e8ecbf><acf-view-691c991e8ecbf class=\"acf-view acf-view--id--691c991e8ecbf acf-view--object-id--1914\"><div class=\"acf-view__article--interview\"><p class=\"acf-view__article--interv-title\"><a target=\"_self\" class=\"acf-view__article--interv-title\" href=\"https:\/\/wp.well-e.org\/articles-interviews\/etudier-le-bien-etre-des-vaches-laitieres-grace-a-lia\/\">\u00c9tudier le bien-\u00eatre des vaches laiti\u00e8res gr\u00e2ce \u00e0 l\u2019IA<\/a><\/p><div class=\"acf-view__article--interview-description\">M\u00e9dia: Radio-Canada Le r\u00e9veil \/ \u00cele-du-Prince-\u00c9douard\r<br\/>Auteurs: Laurent Rigaux<\/div><a target=\"_blank\" class=\"acf-view__article--interview-external-url\" href=\"https:\/\/ici.radio-canada.ca\/ohdio\/premiere\/emissions\/le-reveil-ile-du-prince-edouard\/segments\/rattrapage\/2205434\/etudier-bien-etre-vaches-laitieres-grace-a-ia\">Voir m\u00e9dia<\/a><div class=\"acf-view__article--interview-participants\"><p class=\"acf-view__article--interview-participants-label\">Participants:        <a target=\"_self\" class=\"acf-view__article--interview-participants-link\" href=\"https:\/\/wp.well-e.org\/fr\/team-members\/elsa-vasseur\/\">    Elsa Vasseur    <\/a>    <\/p><\/div><div class=\"acf-view__article--interview-publication-date\"><p class=\"acf-view__article--interview-publication-date-label\">Date de publication: octobre 21, 2025    <\/p>    <\/div>   <a target=\"_self\" class=\"acf-view__article--interview-url\" href=\"https:\/\/wp.well-e.org\/articles-interviews\/etudier-le-bien-etre-des-vaches-laitieres-grace-a-lia\/\"><\/a><\/div><div>  <p><\/p>    <\/div><\/acf-view-691c991e8ecbf><acf-view-691c991e8ecbf class=\"acf-view acf-view--id--691c991e8ecbf acf-view--object-id--1911\"><div class=\"acf-view__article--interview\"><p class=\"acf-view__article--interv-title\"><a target=\"_self\" class=\"acf-view__article--interv-title\" href=\"https:\/\/wp.well-e.org\/articles-interviews\/ameliorer-la-vie-dun-troupeau-de-vaches-grace-en-partie-a-lia-le-pari-de-chercheurs-canadiens-specialises-dans-le-bien-etre-animal\/\">\u00ab Am\u00e9liorer la vie \u00bb d\u2019un troupeau de vaches gr\u00e2ce, en partie, \u00e0 l\u2019IA : le pari de chercheurs canadiens sp\u00e9cialis\u00e9s dans le bien-\u00eatre animal<\/a><\/p><div class=\"acf-view__article--interview-description\">M\u00e9dia: Le Monde\r<br\/>Auteurs: Eliott Dumoulin<\/div><a target=\"_blank\" class=\"acf-view__article--interview-external-url\" href=\"https:\/\/www.lemonde.fr\/le-monde-et-vous\/article\/2025\/10\/20\/au-canada-la-recherche-s-appuie-sur-l-ia-pour-ameliorer-les-conditions-de-vie-des-vaches_6648215_6065879.html\">Voir m\u00e9dia<\/a><div class=\"acf-view__article--interview-participants\"><p class=\"acf-view__article--interview-participants-label\">Participants:        <a target=\"_self\" class=\"acf-view__article--interview-participants-link\" href=\"https:\/\/wp.well-e.org\/fr\/team-members\/marjorie-cellier\/\">    Marjorie Cellier    <\/a>    ,         <a target=\"_self\" class=\"acf-view__article--interview-participants-link\" href=\"https:\/\/wp.well-e.org\/fr\/team-members\/georgiana-amarioarei\/\">    Georgiana Amarioarei    <\/a>    ,         <a target=\"_self\" class=\"acf-view__article--interview-participants-link\" href=\"https:\/\/wp.well-e.org\/fr\/team-members\/martha-krawiek\/\">    Martha Krawiec    <\/a>    ,         <a target=\"_self\" class=\"acf-view__article--interview-participants-link\" href=\"https:\/\/wp.well-e.org\/fr\/team-members\/celia-julliot\/\">    C\u00e9lia Julliot    <\/a>    <\/p><\/div><div class=\"acf-view__article--interview-publication-date\"><p class=\"acf-view__article--interview-publication-date-label\">Date de publication: octobre 20, 2025    <\/p>    <\/div>   <a target=\"_self\" class=\"acf-view__article--interview-url\" href=\"https:\/\/wp.well-e.org\/articles-interviews\/ameliorer-la-vie-dun-troupeau-de-vaches-grace-en-partie-a-lia-le-pari-de-chercheurs-canadiens-specialises-dans-le-bien-etre-animal\/\"><\/a><\/div><div>  <p><\/p>    <\/div><\/acf-view-691c991e8ecbf><acf-view-691c991e8ecbf class=\"acf-view acf-view--id--691c991e8ecbf acf-view--object-id--1831\"><div class=\"acf-view__article--interview\"><p class=\"acf-view__article--interv-title\"><a target=\"_self\" class=\"acf-view__article--interv-title\" href=\"https:\/\/wp.well-e.org\/articles-interviews\/cows-in-the-digital-age-exploring-innovative-technologies-for-cow-well-being\/\">Cows in the Digital Age: Exploring innovative technologies for cow well-being<\/a><\/p><div class=\"acf-view__article--interview-description\">M\u00e9dia: Milk Producer Magazine\r<br\/>Auteurs: Celia Julliot, Catherine Arpin, Francois Gonothi Toure<\/div><a target=\"_blank\" class=\"acf-view__article--interview-external-url\" href=\"https:\/\/milkproducer.ca\/archive\/2025-april\/\">Voir m\u00e9dia<\/a><div class=\"acf-view__article--interview-participants\"><p class=\"acf-view__article--interview-participants-label\">Participants:        <a target=\"_self\" class=\"acf-view__article--interview-participants-link\" href=\"https:\/\/wp.well-e.org\/fr\/team-members\/celia-julliot\/\">    C\u00e9lia Julliot    <\/a>    ,         <a target=\"_self\" class=\"acf-view__article--interview-participants-link\" href=\"https:\/\/wp.well-e.org\/fr\/team-members\/catherine-arpin\/\">    Catherine Arpin    <\/a>    ,         <a target=\"_self\" class=\"acf-view__article--interview-participants-link\" href=\"https:\/\/wp.well-e.org\/fr\/team-members\/francois-gonothi-toure\/\">    Fran\u00e7ois Gonothi Toure    <\/a>    <\/p><\/div><div class=\"acf-view__article--interview-publication-date\"><p class=\"acf-view__article--interview-publication-date-label\">Date de publication: avril 28, 2025    <\/p>    <\/div>   <a target=\"_self\" class=\"acf-view__article--interview-url\" href=\"https:\/\/wp.well-e.org\/articles-interviews\/cows-in-the-digital-age-exploring-innovative-technologies-for-cow-well-being\/\"><\/a><\/div><div>  <p><\/p>    <\/div><\/acf-view-691c991e8ecbf><acf-view-691c991e8ecbf class=\"acf-view acf-view--id--691c991e8ecbf acf-view--object-id--1764\"><div class=\"acf-view__article--interview\"><p class=\"acf-view__article--interv-title\"><a target=\"_self\" class=\"acf-view__article--interv-title\" href=\"https:\/\/wp.well-e.org\/articles-interviews\/article-a-passion-for-animal-welfare\/\">A passion for animal welfare<\/a><\/p><div class=\"acf-view__article--interview-description\">M\u00e9dia: McGill Reporter\r<br\/>Auteur: Helen Savage<\/div><a target=\"_blank\" class=\"acf-view__article--interview-external-url\" href=\"https:\/\/reporter.mcgill.ca\/a-passion-for-animal-welfare\/\">Voir m\u00e9dia<\/a><div class=\"acf-view__article--interview-participants\"><p class=\"acf-view__article--interview-participants-label\">Participants:        <a target=\"_self\" class=\"acf-view__article--interview-participants-link\" href=\"https:\/\/wp.well-e.org\/fr\/team-members\/andrea-amado\/\">    Andrea Amado    <\/a>    <\/p><\/div><div class=\"acf-view__article--interview-publication-date\"><p class=\"acf-view__article--interview-publication-date-label\">Date de publication: mars 3, 2025    <\/p>    <\/div>   <a target=\"_self\" class=\"acf-view__article--interview-url\" href=\"https:\/\/wp.well-e.org\/articles-interviews\/article-a-passion-for-animal-welfare\/\"><\/a><\/div><div>  <p><\/p>    <\/div><\/acf-view-691c991e8ecbf><acf-view-691c991e8ecbf class=\"acf-view acf-view--id--691c991e8ecbf acf-view--object-id--1767\"><div class=\"acf-view__article--interview\"><p class=\"acf-view__article--interv-title\"><a target=\"_self\" class=\"acf-view__article--interv-title\" href=\"https:\/\/wp.well-e.org\/articles-interviews\/article-lia-au-service-du-bien-etre-des-vaches-et-du-portefeuille-des-eleveurs\/\">L\u2019IA au service du bien-\u00eatre des vaches\u2026 et du portefeuille des \u00e9leveurs<\/a><\/p><div class=\"acf-view__article--interview-description\">M\u00e9dia: La Terre de Chez Nous\r<br\/>Auteur: Sophie Lachapelle<\/div><a target=\"_blank\" class=\"acf-view__article--interview-external-url\" href=\"https:\/\/www.laterre.ca\/technique\/sante-animale\/lia-au-service-du-bien-etre-des-vaches-et-du-portefeuille-des-eleveurs\/\">Voir m\u00e9dia<\/a><div class=\"acf-view__article--interview-participants\"><p class=\"acf-view__article--interview-participants-label\">Participants:        <a target=\"_self\" class=\"acf-view__article--interview-participants-link\" href=\"https:\/\/wp.well-e.org\/fr\/team-members\/rachel-van-vliet\/\">    Rachel van Vliet    <\/a>    <\/p><\/div><div class=\"acf-view__article--interview-publication-date\"><p class=\"acf-view__article--interview-publication-date-label\">Date de publication: novembre 8, 2024    <\/p>    <\/div>   <a target=\"_self\" class=\"acf-view__article--interview-url\" href=\"https:\/\/wp.well-e.org\/articles-interviews\/article-lia-au-service-du-bien-etre-des-vaches-et-du-portefeuille-des-eleveurs\/\"><\/a><\/div><div>  <p><\/p>    <\/div><\/acf-view-691c991e8ecbf><acf-view-691c991e8ecbf class=\"acf-view acf-view--id--691c991e8ecbf acf-view--object-id--1520\"><div class=\"acf-view__article--interview\"><p class=\"acf-view__article--interv-title\"><a target=\"_self\" class=\"acf-view__article--interv-title\" href=\"https:\/\/wp.well-e.org\/articles-interviews\/new-article-or-interview-example\/\">Article: Artificial intelligence in the barn<\/a><\/p><div class=\"acf-view__article--interview-description\">M\u00e9dia: McGill Reporter\r<br\/>Auteur: Jean-Benoit Nadeau\r<br\/><\/div><a target=\"_blank\" class=\"acf-view__article--interview-external-url\" href=\"https:\/\/reporter.mcgill.ca\/artificial-intelligence-in-the-barn\/\">Voir m\u00e9dia<\/a><div class=\"acf-view__article--interview-participants\"><p class=\"acf-view__article--interview-participants-label\">Participants:        <a target=\"_self\" class=\"acf-view__article--interview-participants-link\" href=\"https:\/\/wp.well-e.org\/fr\/team-members\/elsa-vasseur\/\">    Elsa Vasseur    <\/a>    <\/p><\/div><div class=\"acf-view__article--interview-publication-date\"><p class=\"acf-view__article--interview-publication-date-label\">Date de publication: avril 2, 2024    <\/p>    <\/div>   <a target=\"_self\" class=\"acf-view__article--interview-url\" href=\"https:\/\/wp.well-e.org\/articles-interviews\/new-article-or-interview-example\/\"><\/a><\/div><div>  <p><\/p>    <\/div><\/acf-view-691c991e8ecbf><acf-view-691c991e8ecbf class=\"acf-view acf-view--id--691c991e8ecbf acf-view--object-id--1769\"><div class=\"acf-view__article--interview\"><p class=\"acf-view__article--interv-title\"><a target=\"_self\" class=\"acf-view__article--interv-title\" href=\"https:\/\/wp.well-e.org\/articles-interviews\/article-recherche-innovation-et-passion-pour-le-bien-etre-des-bovins-laitiers\/\">Recherche, innovation et passion pour le bien-\u00eatre des bovins laitiers<\/a><\/p><div class=\"acf-view__article--interview-description\">M\u00e9dia: La Terre de Chez Nous\r<br\/>Auteur: Sandrine Arsenault<\/div><a target=\"_blank\" class=\"acf-view__article--interview-external-url\" href=\"https:\/\/www.laterre.ca\/chroniques\/histoires-de-releve\/recherche-innovation-et-passion-pour-le-bien-etre-des-bovins-laitiers\/\">Voir m\u00e9dia<\/a><div class=\"acf-view__article--interview-participants\"><p class=\"acf-view__article--interview-participants-label\">Participants:        <a target=\"_self\" class=\"acf-view__article--interview-participants-link\" href=\"https:\/\/wp.well-e.org\/fr\/team-members\/sandrine-arsenault\/\">    Sandrine Arsenault    <\/a>    <\/p><\/div><div class=\"acf-view__article--interview-publication-date\"><p class=\"acf-view__article--interview-publication-date-label\">Date de publication: mars 6, 2024    <\/p>    <\/div>   <a target=\"_self\" class=\"acf-view__article--interview-url\" href=\"https:\/\/wp.well-e.org\/articles-interviews\/article-recherche-innovation-et-passion-pour-le-bien-etre-des-bovins-laitiers\/\"><\/a><\/div><div>  <p><\/p>    <\/div><\/acf-view-691c991e8ecbf><acf-view-691c991e8ecbf class=\"acf-view acf-view--id--691c991e8ecbf acf-view--object-id--1774\"><div class=\"acf-view__article--interview\"><p class=\"acf-view__article--interv-title\"><a target=\"_self\" class=\"acf-view__article--interv-title\" href=\"https:\/\/wp.well-e.org\/articles-interviews\/article-caprine-milk-as-a-source-of-income-instead-of-taboo-in-senegal\/\">Caprine Milk as a Source of Income Instead of Taboo in Senegal in IDF Women in Dairy Report 2023 - Unlocking Endless Potential<\/a><\/p><div class=\"acf-view__article--interview-description\">M\u00e9dia: IDF Women in Dairy Report 2023 - Unlocking Endless Potential Issue 1\r<br\/>Auteur: Elsa Vasseur, Olivier Beaulieu-Charbonneau, Peter Strebel, Clem Nash<\/div><a target=\"_blank\" class=\"acf-view__article--interview-external-url\" href=\"https:\/\/shop.fil-idf.org\/collections\/publications\/products\/issue-1-idf-women-in-dairy-report-2023-unlocking-endless-potential\">Voir m\u00e9dia<\/a><div class=\"acf-view__article--interview-participants\"><p class=\"acf-view__article--interview-participants-label\">Participants:        <a target=\"_self\" class=\"acf-view__article--interview-participants-link\" href=\"https:\/\/wp.well-e.org\/fr\/team-members\/elsa-vasseur\/\">    Elsa Vasseur    <\/a>    <\/p><\/div><div class=\"acf-view__article--interview-publication-date\"><p class=\"acf-view__article--interview-publication-date-label\">Date de publication: octobre 16, 2023    <\/p>    <\/div>   <a target=\"_self\" class=\"acf-view__article--interview-url\" href=\"https:\/\/wp.well-e.org\/articles-interviews\/article-caprine-milk-as-a-source-of-income-instead-of-taboo-in-senegal\/\"><\/a><\/div><div>  <p><\/p>    <\/div><\/acf-view-691c991e8ecbf><acf-view-691c991e8ecbf class=\"acf-view acf-view--id--691c991e8ecbf acf-view--object-id--1776\"><div class=\"acf-view__article--interview\"><p class=\"acf-view__article--interv-title\"><a target=\"_self\" class=\"acf-view__article--interv-title\" href=\"https:\/\/wp.well-e.org\/articles-interviews\/article-au-dela-de-la-stalle-impact-de-lacces-partiel-a-lexterieur-sur-la-demarche-et-la-sante-des-onglons-des-vaches-limitees-dans-leurs-mouvements\/\">Au-del\u00e0 de la stalle : Impact de l\u2019acc\u00e8s partiel \u00e0 l\u2019ext\u00e9rieur sur la d\u00e9marche et la sant\u00e9 des onglons des vaches limit\u00e9es dans leurs mouvements<\/a><\/p><div class=\"acf-view__article--interview-description\">M\u00e9dia: Progressive Dairy\r<br\/>Auteur: Amir Nejati, Elise Shepley, Elsa Vasseur<\/div><a target=\"_blank\" class=\"acf-view__article--interview-external-url\" href=\"https:\/\/www.agproud.com\/articles\/57963-au-dela-de-la-stalle-impact-de-lacces-partiel-a-lexterieur-sur-la-demarche-et-la-sante-des-onglons-des-vaches-limitees-dans-leurs-mouvements?v=preview\">Voir m\u00e9dia<\/a><div class=\"acf-view__article--interview-participants\"><p class=\"acf-view__article--interview-participants-label\">Participants:        <a target=\"_self\" class=\"acf-view__article--interview-participants-link\" href=\"https:\/\/wp.well-e.org\/fr\/team-members\/amir-nejati\/\">    Amir Nejati    <\/a>    ,         <a target=\"_self\" class=\"acf-view__article--interview-participants-link\" href=\"https:\/\/wp.well-e.org\/fr\/team-members\/elsa-vasseur\/\">    Elsa Vasseur    <\/a>    ,         <a target=\"_self\" class=\"acf-view__article--interview-participants-link\" href=\"https:\/\/wp.well-e.org\/fr\/team-members\/elise-shepley\/\">    Elise Shepley    <\/a>    <\/p><\/div><div class=\"acf-view__article--interview-publication-date\"><p class=\"acf-view__article--interview-publication-date-label\">Date de publication: juillet 19, 2023    <\/p>    <\/div>   <a target=\"_self\" class=\"acf-view__article--interview-url\" href=\"https:\/\/wp.well-e.org\/articles-interviews\/article-au-dela-de-la-stalle-impact-de-lacces-partiel-a-lexterieur-sur-la-demarche-et-la-sante-des-onglons-des-vaches-limitees-dans-leurs-mouvements\/\"><\/a><\/div><div>  <p><\/p>    <\/div><\/acf-view-691c991e8ecbf><acf-view-691c991e8ecbf class=\"acf-view acf-view--id--691c991e8ecbf acf-view--object-id--1771\"><div class=\"acf-view__article--interview\"><p class=\"acf-view__article--interv-title\"><a target=\"_self\" class=\"acf-view__article--interv-title\" href=\"https:\/\/wp.well-e.org\/articles-interviews\/article-new-research-will-help-farmers-predict-health-issues-in-cattle-long-before-you-can\/\">New research will help farmers predict health issues in cattle long before you can<\/a><\/p><div class=\"acf-view__article--interview-description\">M\u00e9dia: Farmer's Forum\r<br\/>Auteur: Nelson Zandbegen<\/div><a target=\"_blank\" class=\"acf-view__article--interview-external-url\" href=\"https:\/\/farmersforum.com\/new-research-will-help-farmers-predict-health-issues-in-cattle-long-before-you-can\/\">Voir m\u00e9dia<\/a><div class=\"acf-view__article--interview-participants\"><p class=\"acf-view__article--interview-participants-label\">Participants:        <a target=\"_self\" class=\"acf-view__article--interview-participants-link\" href=\"https:\/\/wp.well-e.org\/fr\/team-members\/elsa-vasseur\/\">    Elsa Vasseur    <\/a>    <\/p><\/div><div class=\"acf-view__article--interview-publication-date\"><p class=\"acf-view__article--interview-publication-date-label\">Date de publication: juillet 10, 2023    <\/p>    <\/div>   <a target=\"_self\" class=\"acf-view__article--interview-url\" href=\"https:\/\/wp.well-e.org\/articles-interviews\/article-new-research-will-help-farmers-predict-health-issues-in-cattle-long-before-you-can\/\"><\/a><\/div><div>  <p><\/p>    <\/div><\/acf-view-691c991e8ecbf><acf-view-691c991e8ecbf class=\"acf-view acf-view--id--691c991e8ecbf acf-view--object-id--1766\"><div class=\"acf-view__article--interview\"><p class=\"acf-view__article--interv-title\"><a target=\"_self\" class=\"acf-view__article--interv-title\" href=\"https:\/\/wp.well-e.org\/articles-interviews\/article-new-research-will-look-at-dairy-welfare-and-technology\/\">New research will look at dairy welfare and technology<\/a><\/p><div class=\"acf-view__article--interview-description\">M\u00e9dia: Farmtario\r<br\/>Auteur: Stew Slater\r<br\/><\/div><a target=\"_blank\" class=\"acf-view__article--interview-external-url\" href=\"https:\/\/farmtario.com\/dairy\/new-research-will-look-at-dairy-welfare-and-technology\/\">Voir m\u00e9dia<\/a><div class=\"acf-view__article--interview-participants\"><p class=\"acf-view__article--interview-participants-label\">Participants:        <a target=\"_self\" class=\"acf-view__article--interview-participants-link\" href=\"https:\/\/wp.well-e.org\/fr\/team-members\/abdoulaye-banire-diallo\/\">    Abdoulaye Banir\u00e9 Diallo    <\/a>    ,         <a target=\"_self\" class=\"acf-view__article--interview-participants-link\" href=\"https:\/\/wp.well-e.org\/fr\/team-members\/elsa-vasseur\/\">    Elsa Vasseur    <\/a>    <\/p><\/div><div class=\"acf-view__article--interview-publication-date\"><p class=\"acf-view__article--interview-publication-date-label\">Date de publication: juin 5, 2023    <\/p>    <\/div>   <a target=\"_self\" class=\"acf-view__article--interview-url\" href=\"https:\/\/wp.well-e.org\/articles-interviews\/article-new-research-will-look-at-dairy-welfare-and-technology\/\"><\/a><\/div><div>  <p><\/p>    <\/div><\/acf-view-691c991e8ecbf><acf-view-691c991e8ecbf class=\"acf-view acf-view--id--691c991e8ecbf acf-view--object-id--1777\"><div class=\"acf-view__article--interview\"><p class=\"acf-view__article--interv-title\"><a target=\"_self\" class=\"acf-view__article--interv-title\" href=\"https:\/\/wp.well-e.org\/articles-interviews\/article-lintelligence-artificielle-au-service-du-bien-etre-animal\/\">L\u2019intelligence artificielle au service du bien-\u00eatre animal<\/a><\/p><div class=\"acf-view__article--interview-description\">M\u00e9dia: Le Producteur de lait du Qu\u00e9bec\r<br\/>Auteur: Elsa Vasseur, Rachel van Vliet, Abdoulaye Banir\u00e9 Diallo<\/div><a target=\"_blank\" class=\"acf-view__article--interview-external-url\" href=\"https:\/\/lait.org\/fichiers\/Revue\/PLQ-2023-06\/recherche.pdf\">Voir m\u00e9dia<\/a><div class=\"acf-view__article--interview-participants\"><p class=\"acf-view__article--interview-participants-label\">Participants:        <a target=\"_self\" class=\"acf-view__article--interview-participants-link\" href=\"https:\/\/wp.well-e.org\/fr\/team-members\/abdoulaye-banire-diallo\/\">    Abdoulaye Banir\u00e9 Diallo    <\/a>    ,         <a target=\"_self\" class=\"acf-view__article--interview-participants-link\" href=\"https:\/\/wp.well-e.org\/fr\/team-members\/elsa-vasseur\/\">    Elsa Vasseur    <\/a>    ,         <a target=\"_self\" class=\"acf-view__article--interview-participants-link\" href=\"https:\/\/wp.well-e.org\/fr\/team-members\/rachel-van-vliet\/\">    Rachel van Vliet    <\/a>    <\/p><\/div><div class=\"acf-view__article--interview-publication-date\"><p class=\"acf-view__article--interview-publication-date-label\">Date de publication: juin 1, 2023    <\/p>    <\/div>   <a target=\"_self\" class=\"acf-view__article--interview-url\" href=\"https:\/\/wp.well-e.org\/articles-interviews\/article-lintelligence-artificielle-au-service-du-bien-etre-animal\/\"><\/a><\/div><div>  <p><\/p>    <\/div><\/acf-view-691c991e8ecbf><acf-view-691c991e8ecbf class=\"acf-view acf-view--id--691c991e8ecbf acf-view--object-id--1768\"><div class=\"acf-view__article--interview\"><p class=\"acf-view__article--interv-title\"><a target=\"_self\" class=\"acf-view__article--interv-title\" href=\"https:\/\/wp.well-e.org\/articles-interviews\/article-better-longer-lives-for-cattle-courtesy-of-ai\/\">Better, longer lives for cattle, courtesy of AI<\/a><\/p><div class=\"acf-view__article--interview-description\">M\u00e9dia: McGill News\r<br\/>Auteur: Sylvain Comeau<\/div><a target=\"_blank\" class=\"acf-view__article--interview-external-url\" href=\"https:\/\/mcgillnews.mcgill.ca\/better-longer-lives-for-cattle-courtesy-of-ai\/\">Voir m\u00e9dia<\/a><div class=\"acf-view__article--interview-participants\"><p class=\"acf-view__article--interview-participants-label\">Participants:        <a target=\"_self\" class=\"acf-view__article--interview-participants-link\" href=\"https:\/\/wp.well-e.org\/fr\/team-members\/elsa-vasseur\/\">    Elsa Vasseur    <\/a>    <\/p><\/div><div class=\"acf-view__article--interview-publication-date\"><p class=\"acf-view__article--interview-publication-date-label\">Date de publication: mai 1, 2023    <\/p>    <\/div>   <a target=\"_self\" class=\"acf-view__article--interview-url\" href=\"https:\/\/wp.well-e.org\/articles-interviews\/article-better-longer-lives-for-cattle-courtesy-of-ai\/\"><\/a><\/div><div>  <p><\/p>    <\/div><\/acf-view-691c991e8ecbf><acf-view-691c991e8ecbf class=\"acf-view acf-view--id--691c991e8ecbf acf-view--object-id--1773\"><div class=\"acf-view__article--interview\"><p class=\"acf-view__article--interv-title\"><a target=\"_self\" class=\"acf-view__article--interv-title\" href=\"https:\/\/wp.well-e.org\/articles-interviews\/article-utiliser-la-technologie-pour-ameliorer-levaluation-de-la-locomotion-chez-les-vaches-laitieres\/\">Utiliser la technologie pour am\u00e9liorer l\u2019\u00e9valuation de la locomotion chez les vaches laiti\u00e8res<\/a><\/p><div class=\"acf-view__article--interview-description\">M\u00e9dia: Progressive Dairy\r<br\/>Auteur: Gabriel Machado Dallago, Annik L'Esperance, Steven Roche, Carlee Wright, Julia Saraceni, Elsa Vasseur<\/div><a target=\"_blank\" class=\"acf-view__article--interview-external-url\" href=\"https:\/\/www.agproud.com\/articles\/57132-utiliser-la-technologie-pour-ameliorer-levaluation-de-la-locomotion-chez-les-vaches-laitieres\">Voir m\u00e9dia<\/a><div class=\"acf-view__article--interview-participants\"><p class=\"acf-view__article--interview-participants-label\">Participants:        <a target=\"_self\" class=\"acf-view__article--interview-participants-link\" href=\"https:\/\/wp.well-e.org\/fr\/team-members\/elsa-vasseur\/\">    Elsa Vasseur    <\/a>    ,         <a target=\"_self\" class=\"acf-view__article--interview-participants-link\" href=\"https:\/\/wp.well-e.org\/fr\/team-members\/gabriel-machado-dallago\/\">    Gabriel Machado Dallago    <\/a>    <\/p><\/div><div class=\"acf-view__article--interview-publication-date\"><p class=\"acf-view__article--interview-publication-date-label\">Date de publication: avril 28, 2023    <\/p>    <\/div>   <a target=\"_self\" class=\"acf-view__article--interview-url\" href=\"https:\/\/wp.well-e.org\/articles-interviews\/article-utiliser-la-technologie-pour-ameliorer-levaluation-de-la-locomotion-chez-les-vaches-laitieres\/\"><\/a><\/div><div>  <p><\/p>    <\/div><\/acf-view-691c991e8ecbf><acf-view-691c991e8ecbf class=\"acf-view acf-view--id--691c991e8ecbf acf-view--object-id--1519\"><div class=\"acf-view__article--interview\"><p class=\"acf-view__article--interv-title\"><a target=\"_self\" class=\"acf-view__article--interv-title\" href=\"https:\/\/wp.well-e.org\/articles-interviews\/ceci-est-un-test-de-digital-media-title\/\">Joint Chair aims to leverage AI and IoT to improve animal welfare in Canadian dairy farms<\/a><\/p><div class=\"acf-view__article--interview-description\">M\u00e9dia: McGill Newsroom\r<br\/><\/div><a target=\"_blank\" class=\"acf-view__article--interview-external-url\" href=\"https:\/\/www.mcgill.ca\/newsroom\/channels\/news\/joint-chair-aims-leverage-ai-and-iot-improve-animal-welfare-canadian-dairy-farms-347864\">Voir m\u00e9dia<\/a><div class=\"acf-view__article--interview-participants\"><p class=\"acf-view__article--interview-participants-label\">Participants:        <a target=\"_self\" class=\"acf-view__article--interview-participants-link\" href=\"https:\/\/wp.well-e.org\/fr\/team-members\/abdoulaye-banire-diallo\/\">    Abdoulaye Banir\u00e9 Diallo    <\/a>    ,         <a target=\"_self\" class=\"acf-view__article--interview-participants-link\" href=\"https:\/\/wp.well-e.org\/fr\/team-members\/elsa-vasseur\/\">    Elsa Vasseur    <\/a>    <\/p><\/div><div class=\"acf-view__article--interview-publication-date\"><p class=\"acf-view__article--interview-publication-date-label\">Date de publication: avril 19, 2023    <\/p>    <\/div>   <a target=\"_self\" class=\"acf-view__article--interview-url\" href=\"https:\/\/wp.well-e.org\/articles-interviews\/ceci-est-un-test-de-digital-media-title\/\"><\/a><\/div><div>  <p><\/p>    <\/div><\/acf-view-691c991e8ecbf><acf-view-691c991e8ecbf class=\"acf-view acf-view--id--691c991e8ecbf acf-view--object-id--1770\"><div class=\"acf-view__article--interview\"><p class=\"acf-view__article--interv-title\"><a target=\"_self\" class=\"acf-view__article--interv-title\" href=\"https:\/\/wp.well-e.org\/articles-interviews\/article-nouvelle-chaire-de-recherche-innovation-en-bien-etre-animal-et-intelligence-artificielle\/\">Nouvelle Chaire de recherche-innovation en bien-\u00eatre animal et intelligence artificielle<\/a><\/p><div class=\"acf-view__article--interview-description\">M\u00e9dia:  Actualit\u00e9s UQAM\r<br\/>Auteur:: Jean-Fran\u00e7ois Ducharme<\/div><a target=\"_blank\" class=\"acf-view__article--interview-external-url\" href=\"https:\/\/actualites.uqam.ca\/2023\/nouvelle-chaire-bien-etre-animal-intelligence-artificielle\/\">Voir m\u00e9dia<\/a><div class=\"acf-view__article--interview-participants\"><p class=\"acf-view__article--interview-participants-label\">Participants:        <a target=\"_self\" class=\"acf-view__article--interview-participants-link\" href=\"https:\/\/wp.well-e.org\/fr\/team-members\/elsa-vasseur\/\">    Elsa Vasseur    <\/a>    ,         <a target=\"_self\" class=\"acf-view__article--interview-participants-link\" href=\"https:\/\/wp.well-e.org\/fr\/team-members\/abdoulaye-banire-diallo\/\">    Abdoulaye Banir\u00e9 Diallo    <\/a>    <\/p><\/div><div class=\"acf-view__article--interview-publication-date\"><p class=\"acf-view__article--interview-publication-date-label\">Date de publication: avril 19, 2023    <\/p>    <\/div>   <a target=\"_self\" class=\"acf-view__article--interview-url\" href=\"https:\/\/wp.well-e.org\/articles-interviews\/article-nouvelle-chaire-de-recherche-innovation-en-bien-etre-animal-et-intelligence-artificielle\/\"><\/a><\/div><div>  <p><\/p>    <\/div><\/acf-view-691c991e8ecbf><acf-view-691c991e8ecbf class=\"acf-view acf-view--id--691c991e8ecbf acf-view--object-id--1775\"><div class=\"acf-view__article--interview\"><p class=\"acf-view__article--interv-title\"><a target=\"_self\" class=\"acf-view__article--interv-title\" href=\"https:\/\/wp.well-e.org\/articles-interviews\/article-beyond-the-stall-how-partial-outdoor-access-affects-gait-and-hoof-health-of-movement-restricted-cows\/\">Beyond the stall: How partial outdoor access affects gait and hoof health of movement-restricted cows<\/a><\/p><div class=\"acf-view__article--interview-description\">M\u00e9dia: Progressive Dairy\r<br\/>Auteur: Amir Nejati, Elise Shepley, Elsa Vasseur<\/div><a target=\"_blank\" class=\"acf-view__article--interview-external-url\" href=\"https:\/\/www.agproud.com\/articles\/57291-beyond-the-stall-how-partial-outdoor-access-affects-gait-and-hoof-health-of-movement-restricted-cows\">Voir m\u00e9dia<\/a><div class=\"acf-view__article--interview-participants\"><p class=\"acf-view__article--interview-participants-label\">Participants:        <a target=\"_self\" class=\"acf-view__article--interview-participants-link\" href=\"https:\/\/wp.well-e.org\/fr\/team-members\/amir-nejati\/\">    Amir Nejati    <\/a>    ,         <a target=\"_self\" class=\"acf-view__article--interview-participants-link\" href=\"https:\/\/wp.well-e.org\/fr\/team-members\/elsa-vasseur\/\">    Elsa Vasseur    <\/a>    ,         <a target=\"_self\" class=\"acf-view__article--interview-participants-link\" href=\"https:\/\/wp.well-e.org\/fr\/team-members\/elise-shepley\/\">    Elise Shepley    <\/a>    <\/p><\/div><div class=\"acf-view__article--interview-publication-date\"><p class=\"acf-view__article--interview-publication-date-label\">Date de publication: avril 6, 2023    <\/p>    <\/div>   <a target=\"_self\" class=\"acf-view__article--interview-url\" href=\"https:\/\/wp.well-e.org\/articles-interviews\/article-beyond-the-stall-how-partial-outdoor-access-affects-gait-and-hoof-health-of-movement-restricted-cows\/\"><\/a><\/div><div>  <p><\/p>    <\/div><\/acf-view-691c991e8ecbf><acf-view-691c991e8ecbf class=\"acf-view acf-view--id--691c991e8ecbf acf-view--object-id--1772\"><div class=\"acf-view__article--interview\"><p class=\"acf-view__article--interv-title\"><a target=\"_self\" class=\"acf-view__article--interv-title\" href=\"https:\/\/wp.well-e.org\/articles-interviews\/article-using-technology-to-improve-locomotion-assessments-in-dairy-cows\/\">Research Review: Using technology to improve locomotion assessments in dairy cows<\/a><\/p><div class=\"acf-view__article--interview-description\">M\u00e9dia: Progressive Dairy\r<br\/>Auteur: Gabriel Machado Dallago, Annik L'Esperance, Steven Roche, Carlee Wright, Julia Saraceni, Elsa Vasseur<\/div><a target=\"_blank\" class=\"acf-view__article--interview-external-url\" href=\"https:\/\/www.agproud.com\/articles\/57082-research-review-using-technology-to-improve-locomotion-assessments-in-dairy-cows\">Voir m\u00e9dia<\/a><div class=\"acf-view__article--interview-participants\"><p class=\"acf-view__article--interview-participants-label\">Participants:        <a target=\"_self\" class=\"acf-view__article--interview-participants-link\" href=\"https:\/\/wp.well-e.org\/fr\/team-members\/elsa-vasseur\/\">    Elsa Vasseur    <\/a>    ,         <a target=\"_self\" class=\"acf-view__article--interview-participants-link\" href=\"https:\/\/wp.well-e.org\/fr\/team-members\/gabriel-machado-dallago\/\">    Gabriel Machado Dallago    <\/a>    <\/p><\/div><div class=\"acf-view__article--interview-publication-date\"><p class=\"acf-view__article--interview-publication-date-label\">Date de publication: mars 25, 2023    <\/p>    <\/div>   <a target=\"_self\" class=\"acf-view__article--interview-url\" href=\"https:\/\/wp.well-e.org\/articles-interviews\/article-using-technology-to-improve-locomotion-assessments-in-dairy-cows\/\"><\/a><\/div><div>  <p><\/p>    <\/div><\/acf-view-691c991e8ecbf><\/div><\/acf-card-691c9c97ebdaf>\n\n\n\n<p class=\"wp-block-paragraph\"><\/p>\n<\/div>\n\n\n\n<p class=\"wp-block-paragraph\"><\/p>\n","protected":false},"excerpt":{"rendered":"<p>Articles &amp; Interviews<\/p>\n","protected":false},"author":1,"featured_media":0,"parent":0,"menu_order":0,"comment_status":"closed","ping_status":"closed","template":"","meta":{"_acf_changed":false,"_crdt_document":"","footnotes":""},"class_list":["post-722","page","type-page","status-publish","hentry"],"blocksy_meta":{"has_hero_section":"enabled","hero_section":"type-1","hero_elements":[{"id":"custom_title","enabled":false,"heading_tag":"h1","title":"Home","__id":"4aNCpY54jHsWYtWJUaHsI"},{"id":"custom_description","enabled":false,"description_visibility":{"desktop":true,"tablet":true,"mobile":false},"__id":"bhxqJJgj1QI8bhHtxe4gG"},{"id":"custom_meta","enabled":false,"meta_elements":[{"id":"author","enabled":true,"label":"By","has_author_avatar":"yes","avatar_size":25},{"id":"post_date","enabled":true,"label":"On","date_format_source":"default","date_format":"M j, Y"},{"id":"updated_date","enabled":false,"label":"On","date_format_source":"default","date_format":"M j, Y"},{"id":"categories","enabled":false,"label":"In","style":"simple"},{"id":"comments","enabled":true}],"page_meta_elements":{"joined":true,"articles_count":true,"comments":true},"__id":"u8AkMEigz8TByamhcsEyB"},{"id":"breadcrumbs","enabled":false,"__id":"FoI8_eZCq_YFMGnIFPuDh"}],"hero_alignment2":{"desktop":"start","tablet":"start","mobile":"start"},"pageTitleFontColor":{"default":{"color":"#0a0a0a"}},"styles_descriptor":{"styles":{"desktop":"[data-prefix=\"single_page\"] .entry-header .page-title {--theme-font-size:30px;} [data-prefix=\"single_page\"] .entry-header .entry-meta {--theme-font-weight:600;--theme-text-transform:uppercase;--theme-font-size:12px;--theme-line-height:1.3;} [data-prefix=\"single_page\"] .hero-section[data-type=\"type-1\"] {--alignment:left;}","tablet":"","mobile":""},"google_fonts":{"Comfortaa":["n4","n6"]},"version":6},"pageTitleBackground":{"background_type":"color","background_pattern":"type-1","background_image":{"attachment_id":null,"x":0,"y":0},"gradient":"linear-gradient(135deg,rgba(6,147,227,1) 0%,rgb(155,81,224) 100%)","background_repeat":"repeat","background_size":"auto","background_attachment":"scroll","patternColor":{"default":{"color":"#e5e7ea"}},"overlayColor":{"default":{"color":"CT_CSS_SKIP_RULE"}},"backgroundColor":{"default":{"color":"var(--theme-palette-color-8)"}}},"hero_vertical_alignment":{"desktop":"flex-start","tablet":"flex-start","mobile":"flex-start"},"hero_alignment1":{"desktop":"left","tablet":"left","mobile":"left"}},"acf":[],"yoast_head":"<!-- This site is optimized with the Yoast SEO plugin v27.4 - https:\/\/yoast.com\/product\/yoast-seo-wordpress\/ -->\n<title>Articles &amp; interviews - WELL-E<\/title>\n<meta name=\"robots\" content=\"index, follow, max-snippet:-1, max-image-preview:large, max-video-preview:-1\" \/>\n<link rel=\"canonical\" href=\"https:\/\/wp.well-e.org\/fr\/articles-interviews\/\" \/>\n<meta property=\"og:locale\" content=\"fr_CA\" \/>\n<meta property=\"og:type\" content=\"article\" \/>\n<meta property=\"og:title\" content=\"Articles &amp; interviews - WELL-E\" \/>\n<meta property=\"og:description\" content=\"Articles &amp; Interviews\" \/>\n<meta property=\"og:url\" content=\"https:\/\/wp.well-e.org\/fr\/articles-interviews\/\" \/>\n<meta property=\"og:site_name\" content=\"WELL-E\" \/>\n<meta property=\"article:modified_time\" content=\"2025-11-18T16:20:46+00:00\" \/>\n<meta name=\"twitter:card\" content=\"summary_large_image\" \/>\n<meta name=\"twitter:label1\" content=\"Est. reading time\" \/>\n\t<meta name=\"twitter:data1\" content=\"1 minute\" \/>\n<script type=\"application\/ld+json\" class=\"yoast-schema-graph\">{\"@context\":\"https:\\\/\\\/schema.org\",\"@graph\":[{\"@type\":\"WebPage\",\"@id\":\"https:\\\/\\\/wp.well-e.org\\\/articles-interviews\\\/\",\"url\":\"https:\\\/\\\/wp.well-e.org\\\/articles-interviews\\\/\",\"name\":\"Articles &amp; interviews - WELL-E\",\"isPartOf\":{\"@id\":\"https:\\\/\\\/wp.well-e.org\\\/#website\"},\"datePublished\":\"2024-08-08T22:56:22+00:00\",\"dateModified\":\"2025-11-18T16:20:46+00:00\",\"breadcrumb\":{\"@id\":\"https:\\\/\\\/wp.well-e.org\\\/articles-interviews\\\/#breadcrumb\"},\"inLanguage\":\"fr-CA\",\"potentialAction\":[{\"@type\":\"ReadAction\",\"target\":[\"https:\\\/\\\/wp.well-e.org\\\/articles-interviews\\\/\"]}]},{\"@type\":\"BreadcrumbList\",\"@id\":\"https:\\\/\\\/wp.well-e.org\\\/articles-interviews\\\/#breadcrumb\",\"itemListElement\":[{\"@type\":\"ListItem\",\"position\":1,\"name\":\"Home\",\"item\":\"https:\\\/\\\/wp.well-e.org\\\/\"},{\"@type\":\"ListItem\",\"position\":2,\"name\":\"Articles &amp; interviews\"}]},{\"@type\":\"WebSite\",\"@id\":\"https:\\\/\\\/wp.well-e.org\\\/#website\",\"url\":\"https:\\\/\\\/wp.well-e.org\\\/\",\"name\":\"WELL-E\",\"description\":\"IA au service du bien-&ecirc;tre animal\",\"publisher\":{\"@id\":\"https:\\\/\\\/wp.well-e.org\\\/#organization\"},\"potentialAction\":[{\"@type\":\"SearchAction\",\"target\":{\"@type\":\"EntryPoint\",\"urlTemplate\":\"https:\\\/\\\/wp.well-e.org\\\/?s={search_term_string}\"},\"query-input\":{\"@type\":\"PropertyValueSpecification\",\"valueRequired\":true,\"valueName\":\"search_term_string\"}}],\"inLanguage\":\"fr-CA\"},{\"@type\":\"Organization\",\"@id\":\"https:\\\/\\\/wp.well-e.org\\\/#organization\",\"name\":\"WELL-E\",\"url\":\"https:\\\/\\\/wp.well-e.org\\\/\",\"logo\":{\"@type\":\"ImageObject\",\"inLanguage\":\"fr-CA\",\"@id\":\"https:\\\/\\\/wp.well-e.org\\\/#\\\/schema\\\/logo\\\/image\\\/\",\"url\":\"https:\\\/\\\/wp.well-e.org\\\/wp-content\\\/uploads\\\/2024\\\/05\\\/LOGOTYPETAG_Left_RVB_FR-edited-1-e1718738358443.png\",\"contentUrl\":\"https:\\\/\\\/wp.well-e.org\\\/wp-content\\\/uploads\\\/2024\\\/05\\\/LOGOTYPETAG_Left_RVB_FR-edited-1-e1718738358443.png\",\"width\":1000,\"height\":250,\"caption\":\"WELL-E\"},\"image\":{\"@id\":\"https:\\\/\\\/wp.well-e.org\\\/#\\\/schema\\\/logo\\\/image\\\/\"},\"sameAs\":[\"https:\\\/\\\/www.linkedin.com\\\/company\\\/research-and-innovation-chair-in-animal-welfare-and-artificial-intelligence-well-e\"]}]}<\/script>\n<!-- \/ Yoast SEO plugin. -->","yoast_head_json":{"title":"Articles &amp; interviews - WELL-E","robots":{"index":"index","follow":"follow","max-snippet":"max-snippet:-1","max-image-preview":"max-image-preview:large","max-video-preview":"max-video-preview:-1"},"canonical":"https:\/\/wp.well-e.org\/fr\/articles-interviews\/","og_locale":"fr_CA","og_type":"article","og_title":"Articles &amp; interviews - WELL-E","og_description":"Articles &amp; Interviews","og_url":"https:\/\/wp.well-e.org\/fr\/articles-interviews\/","og_site_name":"WELL-E","article_modified_time":"2025-11-18T16:20:46+00:00","twitter_card":"summary_large_image","twitter_misc":{"Est. reading time":"1 minute"},"schema":{"@context":"https:\/\/schema.org","@graph":[{"@type":"WebPage","@id":"https:\/\/wp.well-e.org\/articles-interviews\/","url":"https:\/\/wp.well-e.org\/articles-interviews\/","name":"Articles &amp; interviews - WELL-E","isPartOf":{"@id":"https:\/\/wp.well-e.org\/#website"},"datePublished":"2024-08-08T22:56:22+00:00","dateModified":"2025-11-18T16:20:46+00:00","breadcrumb":{"@id":"https:\/\/wp.well-e.org\/articles-interviews\/#breadcrumb"},"inLanguage":"fr-CA","potentialAction":[{"@type":"ReadAction","target":["https:\/\/wp.well-e.org\/articles-interviews\/"]}]},{"@type":"BreadcrumbList","@id":"https:\/\/wp.well-e.org\/articles-interviews\/#breadcrumb","itemListElement":[{"@type":"ListItem","position":1,"name":"Home","item":"https:\/\/wp.well-e.org\/"},{"@type":"ListItem","position":2,"name":"Articles &amp; interviews"}]},{"@type":"WebSite","@id":"https:\/\/wp.well-e.org\/#website","url":"https:\/\/wp.well-e.org\/","name":"WELL-E","description":"IA au service du bien-&ecirc;tre animal","publisher":{"@id":"https:\/\/wp.well-e.org\/#organization"},"potentialAction":[{"@type":"SearchAction","target":{"@type":"EntryPoint","urlTemplate":"https:\/\/wp.well-e.org\/?s={search_term_string}"},"query-input":{"@type":"PropertyValueSpecification","valueRequired":true,"valueName":"search_term_string"}}],"inLanguage":"fr-CA"},{"@type":"Organization","@id":"https:\/\/wp.well-e.org\/#organization","name":"WELL-E","url":"https:\/\/wp.well-e.org\/","logo":{"@type":"ImageObject","inLanguage":"fr-CA","@id":"https:\/\/wp.well-e.org\/#\/schema\/logo\/image\/","url":"https:\/\/wp.well-e.org\/wp-content\/uploads\/2024\/05\/LOGOTYPETAG_Left_RVB_FR-edited-1-e1718738358443.png","contentUrl":"https:\/\/wp.well-e.org\/wp-content\/uploads\/2024\/05\/LOGOTYPETAG_Left_RVB_FR-edited-1-e1718738358443.png","width":1000,"height":250,"caption":"WELL-E"},"image":{"@id":"https:\/\/wp.well-e.org\/#\/schema\/logo\/image\/"},"sameAs":["https:\/\/www.linkedin.com\/company\/research-and-innovation-chair-in-animal-welfare-and-artificial-intelligence-well-e"]}]}},"_links":{"self":[{"href":"https:\/\/wp.well-e.org\/fr\/wp-json\/wp\/v2\/pages\/722","targetHints":{"allow":["GET"]}}],"collection":[{"href":"https:\/\/wp.well-e.org\/fr\/wp-json\/wp\/v2\/pages"}],"about":[{"href":"https:\/\/wp.well-e.org\/fr\/wp-json\/wp\/v2\/types\/page"}],"author":[{"embeddable":true,"href":"https:\/\/wp.well-e.org\/fr\/wp-json\/wp\/v2\/users\/1"}],"replies":[{"embeddable":true,"href":"https:\/\/wp.well-e.org\/fr\/wp-json\/wp\/v2\/comments?post=722"}],"version-history":[{"count":28,"href":"https:\/\/wp.well-e.org\/fr\/wp-json\/wp\/v2\/pages\/722\/revisions"}],"predecessor-version":[{"id":2220,"href":"https:\/\/wp.well-e.org\/fr\/wp-json\/wp\/v2\/pages\/722\/revisions\/2220"}],"wp:attachment":[{"href":"https:\/\/wp.well-e.org\/fr\/wp-json\/wp\/v2\/media?parent=722"}],"curies":[{"name":"wp","href":"https:\/\/api.w.org\/{rel}","templated":true}]}}